{"id":811,"date":"2018-01-08T11:20:11","date_gmt":"2018-01-08T14:20:11","guid":{"rendered":"http:\/\/www.encontramanausam.com.br\/sobre\/?page_id=811"},"modified":"2019-04-03T23:29:20","modified_gmt":"2019-04-04T02:29:20","slug":"semed-manaus","status":"publish","type":"page","link":"https:\/\/www.encontramanausam.com.br\/sobre\/semed-manaus\/","title":{"rendered":"Semed Manaus"},"content":{"rendered":"<div class=\"882fdd0d88065009358e99f1a9406c55\" data-index=\"1\" style=\"float: none; margin:0px;\">\n<script async src=\"https:\/\/pagead2.googlesyndication.com\/pagead\/js\/adsbygoogle.js?client=ca-pub-8585364105181520\"\r\n     crossorigin=\"anonymous\"><\/script>\r\n<!-- Anuncio display - global -->\r\n<ins class=\"adsbygoogle\"\r\n     style=\"display:block\"\r\n     data-ad-client=\"ca-pub-8585364105181520\"\r\n     data-ad-slot=\"8789329856\"\r\n     data-ad-format=\"auto\"\r\n     data-full-width-responsive=\"true\"><\/ins>\r\n<script>\r\n     (adsbygoogle = window.adsbygoogle || []).push({});\r\n<\/script>\n<\/div>\n<p>A <strong>Semed Manaus<\/strong> gerencia a \u00e1rea educacional do munic\u00edpio, nos n\u00edveis de Educa\u00e7\u00e3o Infantil e Ensino Fundamental, executando todas as etapas da Pol\u00edtica Municipal de Educa\u00e7\u00e3o.<\/p>\n<p>Planeja, coordena, controla e executa atividades que garantem os recursos, m\u00e9todos e profissionais necess\u00e1rios para a presta\u00e7\u00e3o de servi\u00e7os educacionais de qualidade aos cidad\u00e3os.<\/p>\n<p><img loading=\"lazy\" decoding=\"async\" class=\"aligncenter wp-image-812 size-full\" title=\"Semed Manaus\" src=\"http:\/\/www.encontramanausam.com.br\/sobre\/wp-content\/uploads\/2018\/01\/semed-manaus.jpg\" alt=\"Semed Manaus\" width=\"680\" height=\"189\" srcset=\"https:\/\/www.encontramanausam.com.br\/sobre\/wp-content\/uploads\/2018\/01\/semed-manaus.jpg 680w, https:\/\/www.encontramanausam.com.br\/sobre\/wp-content\/uploads\/2018\/01\/semed-manaus-300x83.jpg 300w\" sizes=\"auto, (max-width: 680px) 100vw, 680px\" \/><\/p>\n<h2>Contracheque Semed Manaus<\/h2>\n<p>Os <em>contracheques<\/em> dos servidores da Secretaria Municipal de Educa\u00e7\u00e3o s\u00e3o disponibilizados apenas pela internet, por meio do Portal do Servidor, pelo site\u00a0. Para acessar o <em>contracheque<\/em> pela primeira \u00e9 necess\u00e1rio fazer um cadastro, inserindo dados pessoais do servidor. Quem j\u00e1 \u00e9 cadastrado no portal o procedimento \u00e9 o mesmo, basta informar o n\u00famero do CPF, a\u00a0 senha e, em seguida, selecionar o ano e m\u00eas da consulta desejada.<\/p>\n<h3>Semed Manaus Concurso<\/h3>\n<p>O ingresso na Semed Manaus \u00e9 feito atrav\u00e9s de <span style=\"text-decoration: underline;\">concurso p\u00fablico<\/span>. As informa\u00e7\u00f5es s\u00e3o divulgadas no Di\u00e1rio Oficial. No documento constar\u00e1 as chances de cada setor e a escolaridade exigida de cada pessoa para o <em>concurso<\/em>.<\/p>\n<p>Para informa\u00e7\u00f5es de <em>concursos<\/em> abertos, consulte o site.<\/p>\n<h3>Semed Manaus Di\u00e1rio Oficial<\/h3>\n<p>Os <em>di\u00e1rios oficiais<\/em> s\u00e3o jornais criados, mantidos e administrados por governos para publicar as literaturas dos atos oficiais da administra\u00e7\u00e3o p\u00fablica executiva, legislativa e judici\u00e1ria.<\/p>\n<p>O <em>Di\u00e1rio Oficial<\/em> de Manaus pode ser acessado pelo\u00a0site.<\/p>\n<h3>Hor\u00e1rio de Funcionamento Semed Manaus<\/h3>\n<ul>\n<li>Segunda a sexta das 8h \u00e0s 17h<\/li>\n<\/ul>\n<h3>Onde Fica, Endere\u00e7o e Telefone Semed Manaus<\/h3>\n<ul>\n<li>Av. M\u00e1rio Ypiranga, 2549 &#8211; Parque Dez de Novembro &#8211; Manaus &#8211; AM<\/li>\n<li>Telefone: (92) 3632-2054<\/li>\n<\/ul>\n<h4>Outras informa\u00e7\u00f5es: Site e CNPJ<\/h4>\n<ul>\n<li>Mais informa\u00e7\u00f5es:\u00a0<a href=\"http:\/\/semed.manaus.am.gov.br\/\" target=\"_blank\" rel=\"noopener noreferrer\">www.semed.manaus.am.gov.br\/<\/a><\/li>\n<li>CNPJ: 04.312.674\/0001-82<\/li>\n<\/ul>\n<h4>Mapa de localiza\u00e7\u00e3o<\/h4>\n<a class=\"wp-colorbox-iframe\" href=\"https:\/\/www.google.com\/maps\/embed?pb=!1m14!1m8!1m3!1d15936.020195326773!2d-60.0141786!3d-3.0933148!3m2!1i1024!2i768!4f13.1!3m3!1m2!1s0x00xce0c0e85845e4550!2sSEMED+-+Secretaria+Municipal+de+Educao!5e0!3m2!1spt-BR!2sbr!4v1515419332973\"><img decoding=\"async\" src=\"http:\/\/www.encontrabelohorizonte.com.br\/imgs\/maps-post.png\"><\/a>\n\n<div style=\"font-size: 0px; height: 0px; line-height: 0px; margin: 0; padding: 0; clear: both;\"><\/div>","protected":false},"excerpt":{"rendered":"<p>A Semed Manaus gerencia a \u00e1rea educacional do munic\u00edpio, nos n\u00edveis de Educa\u00e7\u00e3o Infantil e Ensino Fundamental, executando todas as etapas da Pol\u00edtica Municipal de Educa\u00e7\u00e3o. Planeja, coordena, controla e executa atividades que garantem os recursos, m\u00e9todos e profissionais necess\u00e1rios para a presta\u00e7\u00e3o de servi\u00e7os educacionais de qualidade aos cidad\u00e3os. Contracheque Semed Manaus Os contracheques dos servidores da Secretaria Municipal de Educa\u00e7\u00e3o s\u00e3o disponibilizados apenas pela internet, por meio do Portal do Servidor, pelo site\u00a0. Para acessar o contracheque pela primeira \u00e9 necess\u00e1rio fazer um cadastro, inserindo dados pessoais do servidor. Quem j\u00e1 \u00e9 cadastrado no portal o procedimento \u00e9 <\/p>\n","protected":false},"author":1,"featured_media":0,"parent":0,"menu_order":0,"comment_status":"closed","ping_status":"closed","template":"","meta":{"footnotes":""},"class_list":["post-811","page","type-page","status-publish","hentry"],"aioseo_notices":[],"_links":{"self":[{"href":"https:\/\/www.encontramanausam.com.br\/sobre\/wp-json\/wp\/v2\/pages\/811","targetHints":{"allow":["GET"]}}],"collection":[{"href":"https:\/\/www.encontramanausam.com.br\/sobre\/wp-json\/wp\/v2\/pages"}],"about":[{"href":"https:\/\/www.encontramanausam.com.br\/sobre\/wp-json\/wp\/v2\/types\/page"}],"author":[{"embeddable":true,"href":"https:\/\/www.encontramanausam.com.br\/sobre\/wp-json\/wp\/v2\/users\/1"}],"replies":[{"embeddable":true,"href":"https:\/\/www.encontramanausam.com.br\/sobre\/wp-json\/wp\/v2\/comments?post=811"}],"version-history":[{"count":5,"href":"https:\/\/www.encontramanausam.com.br\/sobre\/wp-json\/wp\/v2\/pages\/811\/revisions"}],"predecessor-version":[{"id":3612,"href":"https:\/\/www.encontramanausam.com.br\/sobre\/wp-json\/wp\/v2\/pages\/811\/revisions\/3612"}],"wp:attachment":[{"href":"https:\/\/www.encontramanausam.com.br\/sobre\/wp-json\/wp\/v2\/media?parent=811"}],"curies":[{"name":"wp","href":"https:\/\/api.w.org\/{rel}","templated":true}]}}