{"id":3266,"date":"2019-02-27T14:28:41","date_gmt":"2019-02-27T17:28:41","guid":{"rendered":"https:\/\/www.encontramanausam.com.br\/sobre\/?page_id=3266"},"modified":"2019-02-27T14:31:15","modified_gmt":"2019-02-27T17:31:15","slug":"sefaz-manaus","status":"publish","type":"page","link":"https:\/\/www.encontramanausam.com.br\/sobre\/sefaz-manaus\/","title":{"rendered":"SEFAZ Manaus"},"content":{"rendered":"<div class=\"882fdd0d88065009358e99f1a9406c55\" data-index=\"1\" style=\"float: none; margin:0px;\">\n<script async src=\"https:\/\/pagead2.googlesyndication.com\/pagead\/js\/adsbygoogle.js?client=ca-pub-8585364105181520\"\r\n     crossorigin=\"anonymous\"><\/script>\r\n<!-- Anuncio display - global -->\r\n<ins class=\"adsbygoogle\"\r\n     style=\"display:block\"\r\n     data-ad-client=\"ca-pub-8585364105181520\"\r\n     data-ad-slot=\"8789329856\"\r\n     data-ad-format=\"auto\"\r\n     data-full-width-responsive=\"true\"><\/ins>\r\n<script>\r\n     (adsbygoogle = window.adsbygoogle || []).push({});\r\n<\/script>\n<\/div>\n<p>A Secretaria de Estado da Fazenda \u2013 <strong>SEFAZ Manaus<\/strong> \u00e9 \u00f3rg\u00e3o integrante da Administra\u00e7\u00e3o Direta do Poder Executivo do Estado do Amazonas, tendo sua estrutura b\u00e1sica disposta na Lei Delegada n\u00ba 73, de 18 de maio de 2.007, que tamb\u00e9m define suas finalidades:<\/p>\n<p><img loading=\"lazy\" decoding=\"async\" class=\"aligncenter wp-image-3270 size-full\" title=\"SEFAZ Manaus\" src=\"https:\/\/www.encontramanausam.com.br\/sobre\/wp-content\/uploads\/2019\/02\/sefaz-manaus.jpg\" alt=\"SEFAZ Manaus\" width=\"680\" height=\"189\" srcset=\"https:\/\/www.encontramanausam.com.br\/sobre\/wp-content\/uploads\/2019\/02\/sefaz-manaus.jpg 680w, https:\/\/www.encontramanausam.com.br\/sobre\/wp-content\/uploads\/2019\/02\/sefaz-manaus-300x83.jpg 300w\" sizes=\"auto, (max-width: 680px) 100vw, 680px\" \/><\/p>\n<p style=\"padding-left: 30px;\">I &#8211; organiza\u00e7\u00e3o, gerenciamento e disciplina do processo de pagamento e arrecada\u00e7\u00e3o do Estado;<br \/>\nII &#8211; implementa\u00e7\u00e3o de medidas que visem ao aumento da arrecada\u00e7\u00e3o de receita;<br \/>\nIII &#8211; elabora\u00e7\u00e3o, acompanhamento e avalia\u00e7\u00e3o da Lei de Diretrizes Or\u00e7ament\u00e1rias e dos Or\u00e7amentos anuais;<br \/>\nIV &#8211; coordena\u00e7\u00e3o e o controle da execu\u00e7\u00e3o or\u00e7ament\u00e1ria estadual;<br \/>\nV &#8211; organiza\u00e7\u00e3o, gerenciamento e disciplina do processo de escritura\u00e7\u00e3o da contabilidade p\u00fablica, elabora\u00e7\u00e3o e consolida\u00e7\u00e3o do Balan\u00e7o Geral do Estado, com observ\u00e2ncia das normas, limites e prazos estabelecidos na legisla\u00e7\u00e3o federal e estadual;<br \/>\nVI &#8211; organiza\u00e7\u00e3o, gerenciamento e controle da d\u00edvida fundada e haveres do Estado;<br \/>\nVII &#8211; normatiza\u00e7\u00e3o, supervis\u00e3o, orienta\u00e7\u00e3o e controle dos procedimentos de aquisi\u00e7\u00e3o de bens e servi\u00e7os no \u00e2mbito do Poder Executivo Estadual.<\/p>\n<p>A Secretaria da Fazenda tem por compet\u00eancias:<\/p>\n<p style=\"padding-left: 30px;\">I &#8211; O acompanhamento e o gerenciamento, f\u00edsico e financeiro, e sem preju\u00edzo da compet\u00eancia atribu\u00edda a outros \u00f3rg\u00e3os, da execu\u00e7\u00e3o do Or\u00e7amento e dos programas de Governo;<br \/>\nII &#8211; O estabelecimento de classifica\u00e7\u00f5es or\u00e7ament\u00e1rias, tendo em vista as necessidades de sua harmoniza\u00e7\u00e3o com o planejamento e o controle;<br \/>\nIII &#8211; A administra\u00e7\u00e3o da execu\u00e7\u00e3o financeira, atrav\u00e9s do gerenciamento da Conta \u00danica do Estado, sem preju\u00edzo da compet\u00eancia atribu\u00edda aos \u00f3rg\u00e3os dos Poderes Legislativo e Judici\u00e1rio;<br \/>\nIV &#8211; A proposi\u00e7\u00e3o de medidas objetivando a consolida\u00e7\u00e3o das informa\u00e7\u00f5es financeiras e cont\u00e1beis dos diversos setores do Poder Executivo;<br \/>\nV &#8211; A observ\u00e2ncia dos par\u00e2metros definidos na Lei de Responsabilidade Fiscal relativamente \u00e0 limites de despesas;<br \/>\nVI &#8211; A realiza\u00e7\u00e3o de estudos e pesquisas concernentes a os processos de arrecada\u00e7\u00e3o e pagamento;<br \/>\nVII &#8211; A administra\u00e7\u00e3o dos havares financeiros e mobili\u00e1rios estaduais;<br \/>\nVIII &#8211; A administra\u00e7\u00e3o e controle das d\u00edvidas interna e externa do Estado;<br \/>\nIX &#8211; O controle de pagamento de precat\u00f3rios do Estado;<br \/>\nX &#8211; A operacionaliza\u00e7\u00e3o do Sistema Financeiro de Conta \u00danica do Estado do Amazonas, atrav\u00e9s de conta corrente mantida em Banco autorizado;<br \/>\nXI &#8211; O desenvolvimento de pol\u00edticas e administra\u00e7\u00e3o tribut\u00e1rias;<br \/>\nXII &#8211; Arrecada\u00e7\u00e3o e fiscaliza\u00e7\u00e3o dos tributos estaduais;<br \/>\nXIII &#8211; A administra\u00e7\u00e3o financeira e contabilidades p\u00fablicas;<br \/>\nXIV &#8211; As negocia\u00e7\u00f5es com Governos e Entidades econ\u00f4micas e financeiras;<br \/>\nXV &#8211; O planejamento, normatiza\u00e7\u00e3o e controle dos procedimentos de aquisi\u00e7\u00e3o de materiais e servi\u00e7os no \u00e2mbito do Poder Executivo Estadual;<br \/>\nXVI &#8211; A gest\u00e3o e a administra\u00e7\u00e3o dos sistemas corporativos relacionados \u00e0 aquisi\u00e7\u00e3o de materiais e servi\u00e7os no \u00e2mbito do Poder Executivo Estadual;<br \/>\nXVII &#8211; A execu\u00e7\u00e3o de outras a\u00e7\u00f5es e atividades concernentes \u00e0 sua natureza ou determinadas pelo Chefe do Poder Executivo.<\/p>\n<h2>SEFAZ Manaus Consulta NFE<\/h2>\n<p>Visando uma maior seguran\u00e7a no acesso aos dados da <span style=\"text-decoration: underline;\">NF-e<\/span>, realizado por meio da Internet, a consulta p\u00fablica feita pela chave de acesso da NF-e ser\u00e1 alterada a partir do dia 02\/01\/2019, em conformidade com o disposto no Ajuste SINIEF 16\/2018 de 01\/11\/2018.<\/p>\n<p>Esta altera\u00e7\u00e3o visa restringir o acesso \u00e0s informa\u00e7\u00f5es por interm\u00e9dio de rob\u00f4s ou servi\u00e7os de quebra de captcha contratados para forma\u00e7\u00e3o de base de dados capturados mediante consulta p\u00fablica da NF-e na Internet.<\/p>\n<p>A consulta completa pelos participantes envolvidos na opera\u00e7\u00e3o (emitente, destinat\u00e1rio e terceiros autorizados no campo pr\u00f3prio da NF-e) passar\u00e1 a requerer autentica\u00e7\u00e3o por usu\u00e1rio e senha ou por certificado digital. Para as NF-e destinadas a CPF e CNPJ sem IE a consulta completa permanecer\u00e1 inalterada.<\/p>\n<p>Os contribuintes de ICMS cadastrados no Amazonas poder\u00e3o acessar a vers\u00e3o completa da <span style=\"text-decoration: underline;\">NF-e<\/span> via Domic\u00edlio Tribut\u00e1rio Eletr\u00f4nico (DT-e).<\/p>\n<p>Para os consulentes n\u00e3o envolvidos na opera\u00e7\u00e3o e que t\u00eam a informa\u00e7\u00e3o da chave de acesso da <span style=\"text-decoration: underline;\">NF-e<\/span> obtida no DANFE, ser\u00e1 disponibilizada uma consulta resumida, que permitir\u00e1 a verifica\u00e7\u00e3o e valida\u00e7\u00e3o da autenticidade do citado documento.<\/p>\n<h3>SEFAZ Manaus Concurso<\/h3>\n<p>Para informa\u00e7\u00f5es sobre <em>concursos em aberto<\/em>, vagas dispon\u00edveis, remunera\u00e7\u00f5es e datas de prova acesse o site.<\/p>\n<h3>SEFAZ Manaus IPVA<\/h3>\n<p>No site \u00e9 poss\u00edvel atrav\u00e9s do RENAVAM consultar <em>lan\u00e7amento de IPVA<\/em>.<\/p>\n<p>O <span style=\"text-decoration: underline;\">imposto sobre a propriedade de ve\u00edculos automotores (IPVA)<\/span> \u00e9 um imposto brasileiro que incide sobre a propriedade de ve\u00edculos. \u00c9 um imposto estadual, ou seja, somente os Estados e o Distrito Federal t\u00eam compet\u00eancia para institu\u00ed-lo de acordo com o art.\u00ba 155, III da Constitui\u00e7\u00e3o Federal.<\/p>\n<p>O <span style=\"text-decoration: underline;\">IPVA<\/span> tem como fato gerador a propriedade do ve\u00edculo automotor, n\u00e3o incidindo sobre embarca\u00e7\u00f5es e aeronaves. Os contribuintes deste imposto s\u00e3o os propriet\u00e1rios de ve\u00edculos automotores. A al\u00edquota utilizada como refer\u00eancia \u00e9 determinada por cada governo estadual, com base em crit\u00e9rio pr\u00f3prio. A base de c\u00e1lculo \u00e9 o valor venal do ve\u00edculo, estabelecido pelo Estado que cobra o referido imposto.<\/p>\n<p>De referir que a fun\u00e7\u00e3o do <span style=\"text-decoration: underline;\">IPVA<\/span> \u00e9 exclusivamente fiscal. Em 2017, os estados que cobravam as maiores al\u00edquotas eram S\u00e3o Paulo, Rio de Janeiro e Minas Gerais, com 4% sobre o valor venal do ve\u00edculo sendo que outros estados t\u00eam sua al\u00edquota variando entre 1% e 3%.<\/p>\n<p>Sendo o <span style=\"text-decoration: underline;\">IPVA<\/span> um imposto, \u00e9 por padr\u00e3o uma presta\u00e7\u00e3o pecuni\u00e1ria compuls\u00f3ria.<\/p>\n<h3>SEFAZ Manaus Certid\u00e3o<\/h3>\n<p>No site abaixo \u00e9 poss\u00edvel emitir as seguintes certid\u00f5es<\/p>\n<ul>\n<li>Certid\u00e3o Negativa &#8211; N\u00e3o Contribuinte<\/li>\n<li>Certid\u00e3o Negativa &#8211; N\u00e3o Contribuinte (Reemiss\u00e3o)<\/li>\n<li>Certid\u00e3o Negativa &#8211; Valida\u00e7\u00e3o<\/li>\n<li>Certid\u00e3o Negativa de Ve\u00edculos (Novo)<\/li>\n<li>Certid\u00e3o Negativa de Ve\u00edculos &#8211; Valida\u00e7\u00e3o (Novo)<\/li>\n<li>Certid\u00e3o de Inexist\u00eancia de Inscri\u00e7\u00e3o no Cadastro &#8211; N\u00e3o Contribuinte<\/li>\n<li>Certid\u00e3o de Inexist\u00eancia de Inscri\u00e7\u00e3o no Cadastro &#8211; Valida\u00e7\u00e3o<\/li>\n<li>Valida\u00e7\u00f5es de Nota Fiscal<\/li>\n<\/ul>\n<h3>Hor\u00e1rio de Funcionamento SEFAZ Manaus<\/h3>\n<ul>\n<li>Segunda a sexta das 8h \u00e0s 15h<\/li>\n<\/ul>\n<h3>Onde Fica, Endere\u00e7o e Telefone SEFAZ Manaus<\/h3>\n<ul>\n<li>Av. Andr\u00e9 Ara\u00fajo, 150 &#8211; Aleixo, Manaus &#8211; AM<\/li>\n<li>Telefone: (92) 2121-1600<\/li>\n<\/ul>\n<h4>Outras informa\u00e7\u00f5es e site<\/h4>\n<ul>\n<li>Mais informa\u00e7\u00f5es: <a href=\"http:\/\/www.sefaz.am.gov.br\/\" target=\"_blank\" rel=\"noopener noreferrer\">www.sefaz.am.gov.br<\/a><\/li>\n<\/ul>\n<h4>Mapa de localiza\u00e7\u00e3o<\/h4>\n<a class=\"wp-colorbox-iframe\" href=\"https:\/\/www.google.com\/maps\/embed?pb=!1m14!1m8!1m3!1d15935.806518248013!2d-60.007908!3d-3.1074983!3m2!1i1024!2i768!4f13.1!3m3!1m2!1s0x00x9366e6604fe5a296!2sSecretaria+de+Estado+da+Fazenda!5e0!3m2!1spt-BR!2sbr!4v1551283251313\"><img decoding=\"async\" src=\"http:\/\/www.encontramanausam.com.br\/imgs\/maps-post.png\"><\/a>\n\n<div style=\"font-size: 0px; height: 0px; line-height: 0px; margin: 0; padding: 0; clear: both;\"><\/div>","protected":false},"excerpt":{"rendered":"<p>A Secretaria de Estado da Fazenda \u2013 SEFAZ Manaus \u00e9 \u00f3rg\u00e3o integrante da Administra\u00e7\u00e3o Direta do Poder Executivo do Estado do Amazonas, tendo sua estrutura b\u00e1sica disposta na Lei Delegada n\u00ba 73, de 18 de maio de 2.007, que tamb\u00e9m define suas finalidades: I &#8211; organiza\u00e7\u00e3o, gerenciamento e disciplina do processo de pagamento e arrecada\u00e7\u00e3o do Estado; II &#8211; implementa\u00e7\u00e3o de medidas que visem ao aumento da arrecada\u00e7\u00e3o de receita; III &#8211; elabora\u00e7\u00e3o, acompanhamento e avalia\u00e7\u00e3o da Lei de Diretrizes Or\u00e7ament\u00e1rias e dos Or\u00e7amentos anuais; IV &#8211; coordena\u00e7\u00e3o e o controle da execu\u00e7\u00e3o or\u00e7ament\u00e1ria estadual; V &#8211; organiza\u00e7\u00e3o, gerenciamento e <\/p>\n","protected":false},"author":1,"featured_media":0,"parent":0,"menu_order":0,"comment_status":"closed","ping_status":"closed","template":"","meta":{"footnotes":""},"class_list":["post-3266","page","type-page","status-publish","hentry"],"aioseo_notices":[],"_links":{"self":[{"href":"https:\/\/www.encontramanausam.com.br\/sobre\/wp-json\/wp\/v2\/pages\/3266","targetHints":{"allow":["GET"]}}],"collection":[{"href":"https:\/\/www.encontramanausam.com.br\/sobre\/wp-json\/wp\/v2\/pages"}],"about":[{"href":"https:\/\/www.encontramanausam.com.br\/sobre\/wp-json\/wp\/v2\/types\/page"}],"author":[{"embeddable":true,"href":"https:\/\/www.encontramanausam.com.br\/sobre\/wp-json\/wp\/v2\/users\/1"}],"replies":[{"embeddable":true,"href":"https:\/\/www.encontramanausam.com.br\/sobre\/wp-json\/wp\/v2\/comments?post=3266"}],"version-history":[{"count":3,"href":"https:\/\/www.encontramanausam.com.br\/sobre\/wp-json\/wp\/v2\/pages\/3266\/revisions"}],"predecessor-version":[{"id":3271,"href":"https:\/\/www.encontramanausam.com.br\/sobre\/wp-json\/wp\/v2\/pages\/3266\/revisions\/3271"}],"wp:attachment":[{"href":"https:\/\/www.encontramanausam.com.br\/sobre\/wp-json\/wp\/v2\/media?parent=3266"}],"curies":[{"name":"wp","href":"https:\/\/api.w.org\/{rel}","templated":true}]}}