{"id":302,"date":"2017-12-15T11:39:03","date_gmt":"2017-12-15T14:39:03","guid":{"rendered":"http:\/\/www.encontramanausam.com.br\/sobre\/?page_id=302"},"modified":"2019-04-02T22:31:54","modified_gmt":"2019-04-03T01:31:54","slug":"ifam-manaus","status":"publish","type":"page","link":"https:\/\/www.encontramanausam.com.br\/sobre\/ifam-manaus\/","title":{"rendered":"Ifam Manaus"},"content":{"rendered":"<div class=\"882fdd0d88065009358e99f1a9406c55\" data-index=\"1\" style=\"float: none; margin:0px;\">\n<script async src=\"https:\/\/pagead2.googlesyndication.com\/pagead\/js\/adsbygoogle.js?client=ca-pub-8585364105181520\"\r\n     crossorigin=\"anonymous\"><\/script>\r\n<!-- Anuncio display - global -->\r\n<ins class=\"adsbygoogle\"\r\n     style=\"display:block\"\r\n     data-ad-client=\"ca-pub-8585364105181520\"\r\n     data-ad-slot=\"8789329856\"\r\n     data-ad-format=\"auto\"\r\n     data-full-width-responsive=\"true\"><\/ins>\r\n<script>\r\n     (adsbygoogle = window.adsbygoogle || []).push({});\r\n<\/script>\n<\/div>\n<p>A proposta educacional do <strong>IFAM\u00a0Manaus<\/strong> consiste na oferta de cursos da educa\u00e7\u00e3o b\u00e1sica e profissional com a educa\u00e7\u00e3o superior, incluindo cursos de p\u00f3s-gradua\u00e7\u00e3o (Lato Sensu e Stricto Sensu) em seus 15 campi no Amazonas.<\/p>\n<p>A miss\u00e3o do IFAM \u00e9 promover com excel\u00eancia a Educa\u00e7\u00e3o, Ci\u00eancia e Tecnologia para o desenvolvimento sustent\u00e1vel da Amaz\u00f4nia.<\/p>\n<p><img loading=\"lazy\" decoding=\"async\" class=\"aligncenter wp-image-303 size-full\" title=\"Ifam Manaus\" src=\"http:\/\/www.encontramanausam.com.br\/sobre\/wp-content\/uploads\/2017\/12\/ifam-manaus.jpg\" alt=\"Ifam Manaus\" width=\"680\" height=\"189\" srcset=\"https:\/\/www.encontramanausam.com.br\/sobre\/wp-content\/uploads\/2017\/12\/ifam-manaus.jpg 680w, https:\/\/www.encontramanausam.com.br\/sobre\/wp-content\/uploads\/2017\/12\/ifam-manaus-300x83.jpg 300w\" sizes=\"auto, (max-width: 680px) 100vw, 680px\" \/><\/p>\n<h2>Concurso do Ifam Manaus<\/h2>\n<p>Para trabalhar no Ifam, \u00e9 necess\u00e1rio que voc\u00ea seja aprovado em <em>concurso p\u00fablico<\/em>. Acompanhe no site para saber sobre datas de abertura, editais, vagas etc.<\/p>\n<h3>Ifam Manaus Cursos<\/h3>\n<p>Atualmente, o IFAM oferece 32 <span style=\"text-decoration: underline;\">cursos<\/span> de forma\u00e7\u00e3o profissional, 128 <span style=\"text-decoration: underline;\">cursos<\/span> T\u00e9cnicos Presenciais, 13 <span style=\"text-decoration: underline;\">cursos<\/span> T\u00e9cnicos em Educa\u00e7\u00e3o\u00a0 a Dist\u00e2ncia (EaD), 05 <span style=\"text-decoration: underline;\">cursos<\/span> de Licenciaturas, 04 <span style=\"text-decoration: underline;\">cursos<\/span> de Bacharelado, 10 <span style=\"text-decoration: underline;\">cursos<\/span> Tecn\u00f3logos, 14 <span style=\"text-decoration: underline;\">cursos<\/span> de P\u00f3s-Gradua\u00e7\u00e3o Lato Sensu e 02 <span style=\"text-decoration: underline;\">cursos<\/span> de P\u00f3s-Gradua\u00e7\u00e3o Strictu Sensu. Conhe\u00e7a as modalidades de ensino oferecidas pelo IFAM e quais campi oferecem os <span style=\"text-decoration: underline;\">cursos.<\/span><\/p>\n<h3>Ifam Manaus Medicina Veterin\u00e1ria<\/h3>\n<p>As compet\u00eancias e habilidades desejadas aos egressos do Curso de Gradua\u00e7\u00e3o em <em>Medicina Veterin\u00e1ria<\/em> do IFAM s\u00e3o as estabelecidas pela legisla\u00e7\u00e3o vigente, Resolu\u00e7\u00e3o CNE\/CES n\u00ba 1 de 18 de fevereiro de 2003, em seu Art. 4\u00ba, a seguir:<\/p>\n<p>I &#8211; Aten\u00e7\u00e3o \u00e0 sa\u00fade: os profissionais de sa\u00fade, dentro de seu \u00e2mbito profissional, devem estar aptos a desenvolver a\u00e7\u00f5es de preven\u00e7\u00e3o, promo\u00e7\u00e3o, prote\u00e7\u00e3o e reabilita\u00e7\u00e3o da sa\u00fade, tanto em n\u00edvel individual quanto coletivo. Cada profissional deve assegurar que sua pr\u00e1tica seja realizada de forma integrada e continua com as demais inst\u00e2ncias do sistema de sa\u00fade. Sendo capaz de pensar criticamente, de analisar os problemas da sociedade e de procurar solu\u00e7\u00f5es para os mesmos. Os profissionais devem realizar seus servi\u00e7os dentro dos mais altos padr\u00f5es de qualidade e dos princ\u00edpios da \u00e9tica\/bio\u00e9tica, tendo em conta que a responsabilidade da aten\u00e7\u00e3o \u00e0 sa\u00fade n\u00e3o se encerra com o ato t\u00e9cnico, mas sim, com a resolu\u00e7\u00e3o do problema de sa\u00fade, tanto em n\u00edvel individual como coletivo;<\/p>\n<p>II &#8211; Tomada de decis\u00f5es: o trabalho dos profissionais de sa\u00fade deve estar fundamentado na capacidade de tomar decis\u00f5es visando o uso apropriado, efic\u00e1cia e custo efetividade, da for\u00e7a de trabalho, de medicamentos, de equipamentos, de procedimentos e de pr\u00e1ticas. Para este fim, os mesmos devem possuir compet\u00eancias e habilidades para avaliar, sistematizar e decidir as condutas mais adequadas, baseadas em evid\u00eancias cient\u00edficas;<\/p>\n<p>III &#8211; Comunica\u00e7\u00e3o: os profissionais de sa\u00fade devem ser acess\u00edveis e devem manter a confidencialidade das informa\u00e7\u00f5es a eles confiadas, na intera\u00e7\u00e3o com outros profissionais de sa\u00fade e o p\u00fablico em geral. A comunica\u00e7\u00e3o envolve comunica\u00e7\u00e3o verbal, n\u00e3o verbal e habilidades de escrita e leitura; o dom\u00ednio de, pelo menos, uma l\u00edngua estrangeira e de tecnologias de comunica\u00e7\u00e3o e informa\u00e7\u00e3o;<\/p>\n<p>IV &#8211; Lideran\u00e7a: no trabalho em equipe multiprofissional, os profissionais de sa\u00fade dever\u00e3o estar aptos a assumirem posi\u00e7\u00f5es de lideran\u00e7a, sempre tendo em vista o bem estar da comunidade. A lideran\u00e7a envolve compromisso, responsabilidade, empatia, habilidade para tomada de decis\u00f5es, comunica\u00e7\u00e3o e gerenciamento de forma efetiva e eficaz;<\/p>\n<p>V &#8211; Administra\u00e7\u00e3o e gerenciamento: os profissionais devem estar aptos a tomar iniciativas, fazer o gerenciamento e administra\u00e7\u00e3o tanto da for\u00e7a de trabalho, dos recursos f\u00edsicos e materiais e de informa\u00e7\u00e3o, da mesma forma que devem estar aptos a serem empreendedores, gestores, empregadores ou lideran\u00e7as na equipe de sa\u00fade;<\/p>\n<p>VI &#8211; Educa\u00e7\u00e3o permanente: os profissionais devem ser capazes de aprender continuamente, tanto na sua forma\u00e7\u00e3o, quanto na sua pr\u00e1tica. Desta forma, os profissionais de sa\u00fade devem aprender a aprender e ter responsabilidade e compromisso com a sua educa\u00e7\u00e3o e o treinamento\/est\u00e1gios das futuras gera\u00e7\u00f5es de profissionais, mas proporcionando condi\u00e7\u00f5es para que haja beneficio m\u00fatuo entre os futuros profissionais e os profissionais dos servi\u00e7os, inclusive, estimulando e desenvolvendo a mobilidade acad\u00eamico\/profissional, a forma\u00e7\u00e3o e a coopera\u00e7\u00e3o atrav\u00e9s de redes nacionais e internacionais.<\/p>\n<h3>Ifam Manaus Ensino M\u00e9dio<\/h3>\n<p>Cursos oferecidos.<\/p>\n<p>T\u00e9cnico de <span style=\"text-decoration: underline;\">N\u00edvel M\u00e9dio<\/span> na Forma Integrada:<\/p>\n<ul>\n<li>Administra\u00e7\u00e3o<\/li>\n<li>Agroecologia<\/li>\n<li>Agropecu\u00e1ria<\/li>\n<li>Edifica\u00e7\u00f5es<\/li>\n<li>Eletr\u00f4nica<\/li>\n<li>Eletrot\u00e9cnica<\/li>\n<li>Inform\u00e1tica<\/li>\n<li>Manuten\u00e7\u00e3o e Suporte em Inform\u00e1tica<\/li>\n<li>Mec\u00e2nica<\/li>\n<li>Mecatr\u00f4nica<\/li>\n<li>Meio Ambiente<\/li>\n<li>Paisagismo<\/li>\n<li>Qu\u00edmica<\/li>\n<\/ul>\n<p>T\u00e9cnico de <span style=\"text-decoration: underline;\">N\u00edvel M\u00e9dio<\/span> na Forma Concomitante:<\/p>\n<ul>\n<li>Eletrot\u00e9cnica<\/li>\n<li>Eletr\u00f4nica<\/li>\n<li>Automa\u00e7\u00e3o Industrial<\/li>\n<li>Secretariado<\/li>\n<li>Agroecologia<\/li>\n<\/ul>\n<p>T\u00e9cnico de <span style=\"text-decoration: underline;\">N\u00edvel M\u00e9dio<\/span> na Forma Subsequente:<\/p>\n<ul>\n<li>Administra\u00e7\u00e3o<\/li>\n<li>Agente Comunit\u00e1rio de Sa\u00fade<\/li>\n<li>Agroneg\u00f3cios<\/li>\n<li>Agropecu\u00e1ria<\/li>\n<li>Alimenta\u00e7\u00e3o Escolar<\/li>\n<li>Automa\u00e7\u00e3o Industrial<\/li>\n<li>Contabilidade<\/li>\n<li>Edifica\u00e7\u00f5es<\/li>\n<li>Eletr\u00f4nica<\/li>\n<li>Eletrot\u00e9cnica<\/li>\n<li>Eventos<\/li>\n<li>Florestas<\/li>\n<li>Inform\u00e1tica<\/li>\n<li>Inform\u00e1tica para internet<\/li>\n<li>Manuten\u00e7\u00e3o e Suporte em Inform\u00e1tica<\/li>\n<li>Mec\u00e2nica<\/li>\n<li>Meio Ambiente<\/li>\n<li>Qu\u00edmica<\/li>\n<li>Recursos Pesqueiros<\/li>\n<li>Redes de Computadores<\/li>\n<li>Secretaria Escolar<\/li>\n<li>Secretariado<\/li>\n<li>Seguran\u00e7a do Trabalho<\/li>\n<li>Servi\u00e7os P\u00fablicos<\/li>\n<\/ul>\n<p>T\u00e9cnico de <span style=\"text-decoration: underline;\">N\u00edvel M\u00e9dio<\/span> na Forma Integrada Na Modalidade Proeja<\/p>\n<ul>\n<li>Edifica\u00e7\u00f5es<\/li>\n<li>Mec\u00e2nica<\/li>\n<li>Log\u00edstica<\/li>\n<li>Secretariado<\/li>\n<li>Recursos Pesqueiros<\/li>\n<\/ul>\n<h3>Onde Fica, Endere\u00e7o e Telefone Ifam Manaus<\/h3>\n<ul>\n<li><strong>Campus Centro<\/strong> &#8211; Av. Sete de Setembro, 1975 &#8211; Centro &#8211; Tel.: (92) 3621-6700<\/li>\n<li><strong>Campus Zona Leste<\/strong> &#8211; Alameda Cosme Ferreira &#8211; Tel.: (92) 3618-5121<\/li>\n<li><strong>Distrito Industrial l<\/strong> &#8211; Avenida Governador Danilo de Matos Areosa &#8211; Tel.: (92) 3614-6208<\/li>\n<\/ul>\n<h4>Outras informa\u00e7\u00f5es e site<\/h4>\n<ul>\n<li>Mais informa\u00e7\u00f5es:\u00a0<a href=\"http:\/\/www2.ifam.edu.br\" target=\"_blank\" rel=\"noopener noreferrer\">www2.ifam.edu.br<\/a><\/li>\n<\/ul>\n<h4>Mapa de localiza\u00e7\u00e3o Campus Centro<\/h4>\n<a class=\"wp-colorbox-iframe\" href=\"https:\/\/www.google.com\/maps\/embed?pb=!1m14!1m8!1m3!1d15935.400661237676!2d-60.0128036!3d-3.1342618!3m2!1i1024!2i768!4f13.1!3m3!1m2!1s0x00x131a0659382fadd9!2sInstituto+Federal+de+Educao+Cincia+e+Tecnologia+do+Amazonas+-+IFAM+-+Unidade+Centro!5e0!3m2!1spt-BR!2sbr!4v1513296670112\"><img decoding=\"async\" src=\"http:\/\/www.encontrabelohorizonte.com.br\/imgs\/maps-post.png\"><\/a>\n<p>&nbsp;<\/p>\n\n<div style=\"font-size: 0px; height: 0px; line-height: 0px; margin: 0; padding: 0; clear: both;\"><\/div>","protected":false},"excerpt":{"rendered":"<p>A proposta educacional do IFAM\u00a0Manaus consiste na oferta de cursos da educa\u00e7\u00e3o b\u00e1sica e profissional com a educa\u00e7\u00e3o superior, incluindo cursos de p\u00f3s-gradua\u00e7\u00e3o (Lato Sensu e Stricto Sensu) em seus 15 campi no Amazonas. A miss\u00e3o do IFAM \u00e9 promover com excel\u00eancia a Educa\u00e7\u00e3o, Ci\u00eancia e Tecnologia para o desenvolvimento sustent\u00e1vel da Amaz\u00f4nia. Concurso do Ifam Manaus Para trabalhar no Ifam, \u00e9 necess\u00e1rio que voc\u00ea seja aprovado em concurso p\u00fablico. Acompanhe no site para saber sobre datas de abertura, editais, vagas etc. Ifam Manaus Cursos Atualmente, o IFAM oferece 32 cursos de forma\u00e7\u00e3o profissional, 128 cursos T\u00e9cnicos Presenciais, 13 cursos <\/p>\n","protected":false},"author":1,"featured_media":0,"parent":0,"menu_order":0,"comment_status":"closed","ping_status":"closed","template":"","meta":{"footnotes":""},"class_list":["post-302","page","type-page","status-publish","hentry"],"aioseo_notices":[],"_links":{"self":[{"href":"https:\/\/www.encontramanausam.com.br\/sobre\/wp-json\/wp\/v2\/pages\/302","targetHints":{"allow":["GET"]}}],"collection":[{"href":"https:\/\/www.encontramanausam.com.br\/sobre\/wp-json\/wp\/v2\/pages"}],"about":[{"href":"https:\/\/www.encontramanausam.com.br\/sobre\/wp-json\/wp\/v2\/types\/page"}],"author":[{"embeddable":true,"href":"https:\/\/www.encontramanausam.com.br\/sobre\/wp-json\/wp\/v2\/users\/1"}],"replies":[{"embeddable":true,"href":"https:\/\/www.encontramanausam.com.br\/sobre\/wp-json\/wp\/v2\/comments?post=302"}],"version-history":[{"count":4,"href":"https:\/\/www.encontramanausam.com.br\/sobre\/wp-json\/wp\/v2\/pages\/302\/revisions"}],"predecessor-version":[{"id":3461,"href":"https:\/\/www.encontramanausam.com.br\/sobre\/wp-json\/wp\/v2\/pages\/302\/revisions\/3461"}],"wp:attachment":[{"href":"https:\/\/www.encontramanausam.com.br\/sobre\/wp-json\/wp\/v2\/media?parent=302"}],"curies":[{"name":"wp","href":"https:\/\/api.w.org\/{rel}","templated":true}]}}