{"id":2631,"date":"2018-11-29T15:16:34","date_gmt":"2018-11-29T18:16:34","guid":{"rendered":"http:\/\/www.encontramanausam.com.br\/sobre\/?page_id=2631"},"modified":"2018-11-29T15:56:31","modified_gmt":"2018-11-29T18:56:31","slug":"praca-sao-sebastiao-manaus","status":"publish","type":"page","link":"https:\/\/www.encontramanausam.com.br\/sobre\/praca-sao-sebastiao-manaus\/","title":{"rendered":"Pra\u00e7a S\u00e3o Sebasti\u00e3o Manaus"},"content":{"rendered":"<div class=\"882fdd0d88065009358e99f1a9406c55\" data-index=\"1\" style=\"float: none; margin:0px;\">\n<script async src=\"https:\/\/pagead2.googlesyndication.com\/pagead\/js\/adsbygoogle.js?client=ca-pub-8585364105181520\"\r\n     crossorigin=\"anonymous\"><\/script>\r\n<!-- Anuncio display - global -->\r\n<ins class=\"adsbygoogle\"\r\n     style=\"display:block\"\r\n     data-ad-client=\"ca-pub-8585364105181520\"\r\n     data-ad-slot=\"8789329856\"\r\n     data-ad-format=\"auto\"\r\n     data-full-width-responsive=\"true\"><\/ins>\r\n<script>\r\n     (adsbygoogle = window.adsbygoogle || []).push({});\r\n<\/script>\n<\/div>\n<p>A <strong>Pra\u00e7a S\u00e3o Sebasti\u00e3o Manaus<\/strong>, muito frequentada por moradores de Manaus, \u00e9 uma das mais antigas da cidade.<\/p>\n<p>Em forma de c\u00edrculo, \u00e9 cercada de \u00e1rvores nas laterais. Um de seus maiores destaques \u00e9 o piso em pedrinhas nas cores preto e branco, que faz refer\u00eancia ao Encontro das \u00c1guas.<\/p>\n<p><img loading=\"lazy\" decoding=\"async\" class=\"aligncenter wp-image-2633 size-full\" title=\"Pra\u00e7a S\u00e3o Sebasti\u00e3o Manaus\" src=\"http:\/\/www.encontramanausam.com.br\/sobre\/wp-content\/uploads\/2018\/11\/praca-sao-sebastao-manaus.jpg\" alt=\"Pra\u00e7a S\u00e3o Sebasti\u00e3o Manaus\" width=\"680\" height=\"189\" srcset=\"https:\/\/www.encontramanausam.com.br\/sobre\/wp-content\/uploads\/2018\/11\/praca-sao-sebastao-manaus.jpg 680w, https:\/\/www.encontramanausam.com.br\/sobre\/wp-content\/uploads\/2018\/11\/praca-sao-sebastao-manaus-300x83.jpg 300w\" sizes=\"auto, (max-width: 680px) 100vw, 680px\" \/><\/p>\n<p>O ch\u00e3o da Pra\u00e7a S\u00e3o Sebasti\u00e3o inspirou o piso do cal\u00e7ad\u00e3o da praia de Copacabana, no Rio de Janeiro, que tem o mesmo desenho ondulado que reproduzem os banzeiros dos rios.<\/p>\n<p>Outro destaque da Pra\u00e7a \u00e9 o Monumento da Abertura dos Portos \u00e0s Na\u00e7\u00f5es Amigas, que marca o in\u00edcio do com\u00e9rcio com outros pa\u00edses, al\u00e9m de Portugal. Constru\u00eddo em m\u00e1rmore, ele est\u00e1 localizado bem no meio da pra\u00e7a e ao redor h\u00e1 um chafariz.<\/p>\n<p>O monumento tem muitos detalhes que podem ser observados por algu\u00e9m mais atento. A escultura de uma mulher, que representa a Amaz\u00f4nia, fica no topo. Na base, quatro caravelas apontam para dire\u00e7\u00f5es diferentes, cada uma representando um continente (Am\u00e9ricas, Europa, \u00c1sia e \u00c1frica).<\/p>\n<p>Alguns dos pr\u00e9dios hist\u00f3ricos ao redor funcionam como bares e restaurantes. Um dos mais frequentados \u00e9 a African House, que vende sandu\u00edches e sucos.<\/p>\n<p>A Tambaqui de Banda, peixaria que tem v\u00e1rias filiais espalhadas pela cidade, oferece aos turistas e locais os saborosos peixes regionais, e a Sorveteria Glacial, os sorvetes feitos de frutas regionais como o cupua\u00e7u e o a\u00e7a\u00ed.<\/p>\n<p>Uma banca de comida, feita de ferro trabalhado, oferece a oportunidade dos visitantes experimentarem uma das comidas t\u00edpicas mais apreciadas da regi\u00e3o, o tacac\u00e1, feito com goma de tapioca, tucupi, jamb\u00fa e camar\u00e3o.<\/p>\n<p>H\u00e1 tamb\u00e9m uma banca de revista. Mas n\u00e3o \u00e9 uma banca qualquer. O local vende revistas e livros e, ocasionalmente, tamb\u00e9m funciona como espa\u00e7o de lan\u00e7amento de livros. Milton Hatoum, o mais reconhecido escritor do Estado do Amazonas, quando realiza sess\u00f5es de aut\u00f3grafos em Manaus, sempre gosta de faz\u00ea-las na Banca do Joaquim, como \u00e9 conhecido o local.<\/p>\n<h3>Monumento Pra\u00e7a S\u00e3o Sebasti\u00e3o Manaus<\/h3>\n<p>O <em>Monumento<\/em> \u00e0 Abertura dos Portos \u00e0s Na\u00e7\u00f5es Amigas est\u00e1 localizado no Largo de S\u00e3o Sebasti\u00e3o, diante do Teatro Amazonas, na cidade de Manaus, no Brasil. Foi inaugurado em 1900 para comemorar a libera\u00e7\u00e3o dos portos do rio Amazonas ao com\u00e9rcio exterior, em 1866.<\/p>\n<p>O <em>monumento<\/em> que hoje se encontra na pra\u00e7a n\u00e3o \u00e9 o original. O primeiro levantado era somente um obelisco, inaugurado em 1867, registrando a data do acontecimento hist\u00f3rico. Em 1899, com a riqueza advinda da explora\u00e7\u00e3o da borracha, ergue-se outro monumento (o atualmente existente) mais imponente e de maior valor art\u00edstico, sob a supervis\u00e3o e cria\u00e7\u00e3o do artista italiano Domenico de Angelis, que na \u00e9poca dedicava-se \u00e0 decora\u00e7\u00e3o do sal\u00e3o nobre do Teatro Amazonas, ent\u00e3o em constru\u00e7\u00e3o. Todo material usado no monumento foi importado da Europa, especialmente da It\u00e1lia.<\/p>\n<p>Inaugurado em 1900, no ano da comemora\u00e7\u00e3o do quarto centen\u00e1rio do Brasil, o monumento simboliza os quatro \u201ccantos do mundo\u201d: \u00c1sia, Am\u00e9rica, \u00c1frica e Europa, cada um \u00e9 representado por uma embarca\u00e7\u00e3o, com um menino sentado.<\/p>\n<p>O <em>monumento<\/em> registra a data de XV de Novembro de 1889, em que se comemora a Proclama\u00e7\u00e3o da Rep\u00fablica do Brasil, ressaltando o nome de Jos\u00e9 Cardoso Ramalho J\u00fanior, na \u00e9poca governador do Estado do Amazonas. Em 1995 a pra\u00e7a foi integralmente recuperada pela Prefeitura de Manaus, em conv\u00eanio de parceria com a empresa Xerox do Brasil.<\/p>\n<h3>Programa\u00e7\u00e3o Pra\u00e7a S\u00e3o Sebasti\u00e3o Manaus<\/h3>\n<p>Fique atento ao Facebook da Pra\u00e7a S\u00e3o Sebasti\u00e3o, l\u00e1 voc\u00ea encontra toda a <span style=\"text-decoration: underline;\">programa\u00e7\u00e3o.<\/span><\/p>\n<h3>Hist\u00f3ria da Pra\u00e7a S\u00e3o Sebasti\u00e3o Manaus<\/h3>\n<p>A pra\u00e7a foi aberta em 1867 e para a constru\u00e7\u00e3o do espa\u00e7o, a plan\u00edcie foi rebaixada cerca de 50 metros. Antes, o solo era do n\u00edvel da Pra\u00e7a do Congresso. Segundo Loureiro, a terra retirada do rebaixamento serviu para aterrar igarap\u00e9s do Porto de Manaus e da parte central da cidade.<\/p>\n<p>Em 1881, come\u00e7aram os trabalhos para a constru\u00e7\u00e3o do Largo, resultando na desapropria\u00e7\u00e3o de casas do entorno. Era na Pra\u00e7a de S\u00e3o Sebasti\u00e3o que aconteciam as quermesses do santo que d\u00e1 nome \u00e0 igreja vizinha ao largo.<\/p>\n<p>Os festejos aconteciam por dez dias, de 10 a 20 de janeiro. Muitos fieis ocupavam a pra\u00e7a para assistir a celebra\u00e7\u00e3o. O espa\u00e7o tamb\u00e9m foi palco de grandes com\u00edcios em \u00e9pocas eleitorais.<\/p>\n<p>Pedras brancas e pretas formando o movimento do mar foram instaladas para delimitar a pra\u00e7a. O Monumento de Abertura dos Portos foi uma homenagem \u00e0 abertura portu\u00e1ria do Brasil para o com\u00e9rcio com outros pa\u00edses al\u00e9m de Portugal.<\/p>\n<p>No topo, um est\u00e1tua de mulher representa a regi\u00e3o amaz\u00f4nica, cortejada pela representa\u00e7\u00e3o do deus grego Hermes, considerado o deus do com\u00e9rcio. Na base do monumento, cinco embarca\u00e7\u00f5es apontam na dire\u00e7\u00e3o de cada continente, respectivamente.<\/p>\n<h3>Onde Fica, Endere\u00e7o Pra\u00e7a S\u00e3o Sebasti\u00e3o Manaus<\/h3>\n<ul>\n<li>Centro Hist\u00f3rico &#8211; Manaus &#8211; AM<\/li>\n<\/ul>\n<h3>Pra\u00e7a S\u00e3o Sebasti\u00e3o Manaus Fotos<\/h3>\n<p><img loading=\"lazy\" decoding=\"async\" class=\"aligncenter wp-image-2634 size-full\" title=\"Pra\u00e7a S\u00e3o Sebasti\u00e3o Manaus Fotos\" src=\"http:\/\/www.encontramanausam.com.br\/sobre\/wp-content\/uploads\/2018\/11\/praca-sao-sebastao-manaus-fotos.jpg\" alt=\"Pra\u00e7a S\u00e3o Sebasti\u00e3o Manaus Fotos\" width=\"748\" height=\"461\" srcset=\"https:\/\/www.encontramanausam.com.br\/sobre\/wp-content\/uploads\/2018\/11\/praca-sao-sebastao-manaus-fotos.jpg 748w, https:\/\/www.encontramanausam.com.br\/sobre\/wp-content\/uploads\/2018\/11\/praca-sao-sebastao-manaus-fotos-300x185.jpg 300w, https:\/\/www.encontramanausam.com.br\/sobre\/wp-content\/uploads\/2018\/11\/praca-sao-sebastao-manaus-fotos-223x137.jpg 223w\" sizes=\"auto, (max-width: 748px) 100vw, 748px\" \/><\/p>\n<h4>Mapa Pra\u00e7a S\u00e3o Sebasti\u00e3o Manaus<\/h4>\n<a class=\"wp-colorbox-iframe\" href=\"https:\/\/www.google.com\/maps\/embed?pb=!1m14!1m8!1m3!1d15935.459342611179!2d-60.0225226!3d-3.1304063!3m2!1i1024!2i768!4f13.1!3m3!1m2!1s0x00xccf2a06a535c5523!2sPraa+So+Sebastio+-+Centro+Manaus+-+AM+69010-070!5e0!3m2!1spt-BR!2sbr!4v1543498324278\"><img decoding=\"async\" src=\"http:\/\/www.encontrabelohorizonte.com.br\/imgs\/maps-post.png\"><\/a>\n\n<div style=\"font-size: 0px; height: 0px; line-height: 0px; margin: 0; padding: 0; clear: both;\"><\/div>","protected":false},"excerpt":{"rendered":"<p>A Pra\u00e7a S\u00e3o Sebasti\u00e3o Manaus, muito frequentada por moradores de Manaus, \u00e9 uma das mais antigas da cidade. Em forma de c\u00edrculo, \u00e9 cercada de \u00e1rvores nas laterais. Um de seus maiores destaques \u00e9 o piso em pedrinhas nas cores preto e branco, que faz refer\u00eancia ao Encontro das \u00c1guas. O ch\u00e3o da Pra\u00e7a S\u00e3o Sebasti\u00e3o inspirou o piso do cal\u00e7ad\u00e3o da praia de Copacabana, no Rio de Janeiro, que tem o mesmo desenho ondulado que reproduzem os banzeiros dos rios. Outro destaque da Pra\u00e7a \u00e9 o Monumento da Abertura dos Portos \u00e0s Na\u00e7\u00f5es Amigas, que marca o in\u00edcio do <\/p>\n","protected":false},"author":1,"featured_media":0,"parent":0,"menu_order":0,"comment_status":"closed","ping_status":"closed","template":"","meta":{"footnotes":""},"class_list":["post-2631","page","type-page","status-publish","hentry"],"aioseo_notices":[],"_links":{"self":[{"href":"https:\/\/www.encontramanausam.com.br\/sobre\/wp-json\/wp\/v2\/pages\/2631","targetHints":{"allow":["GET"]}}],"collection":[{"href":"https:\/\/www.encontramanausam.com.br\/sobre\/wp-json\/wp\/v2\/pages"}],"about":[{"href":"https:\/\/www.encontramanausam.com.br\/sobre\/wp-json\/wp\/v2\/types\/page"}],"author":[{"embeddable":true,"href":"https:\/\/www.encontramanausam.com.br\/sobre\/wp-json\/wp\/v2\/users\/1"}],"replies":[{"embeddable":true,"href":"https:\/\/www.encontramanausam.com.br\/sobre\/wp-json\/wp\/v2\/comments?post=2631"}],"version-history":[{"count":2,"href":"https:\/\/www.encontramanausam.com.br\/sobre\/wp-json\/wp\/v2\/pages\/2631\/revisions"}],"predecessor-version":[{"id":2661,"href":"https:\/\/www.encontramanausam.com.br\/sobre\/wp-json\/wp\/v2\/pages\/2631\/revisions\/2661"}],"wp:attachment":[{"href":"https:\/\/www.encontramanausam.com.br\/sobre\/wp-json\/wp\/v2\/media?parent=2631"}],"curies":[{"name":"wp","href":"https:\/\/api.w.org\/{rel}","templated":true}]}}