{"id":2521,"date":"2018-11-28T15:53:45","date_gmt":"2018-11-28T18:53:45","guid":{"rendered":"http:\/\/www.encontramanausam.com.br\/sobre\/?page_id=2521"},"modified":"2018-11-28T18:00:08","modified_gmt":"2018-11-28T21:00:08","slug":"manaus-trans","status":"publish","type":"page","link":"https:\/\/www.encontramanausam.com.br\/sobre\/manaus-trans\/","title":{"rendered":"Manaus Trans"},"content":{"rendered":"<div class=\"882fdd0d88065009358e99f1a9406c55\" data-index=\"1\" style=\"float: none; margin:0px;\">\n<script async src=\"https:\/\/pagead2.googlesyndication.com\/pagead\/js\/adsbygoogle.js?client=ca-pub-8585364105181520\"\r\n     crossorigin=\"anonymous\"><\/script>\r\n<!-- Anuncio display - global -->\r\n<ins class=\"adsbygoogle\"\r\n     style=\"display:block\"\r\n     data-ad-client=\"ca-pub-8585364105181520\"\r\n     data-ad-slot=\"8789329856\"\r\n     data-ad-format=\"auto\"\r\n     data-full-width-responsive=\"true\"><\/ins>\r\n<script>\r\n     (adsbygoogle = window.adsbygoogle || []).push({});\r\n<\/script>\n<\/div>\n<p>Com o advento da publica\u00e7\u00e3o do Novo C\u00f3digo de Tr\u00e2nsito Brasileiro, no ano de 1997, e a previs\u00e3o de compet\u00eancias legais aos munic\u00edpios, no que diz respeito ao tr\u00e2nsito terrestre, a Prefeitura de Manaus, atrav\u00e9s do Decreto n\u00ba 4.065 de janeiro de 1998, municipalizou o tr\u00e2nsito da capital com o\u00a0<strong>Manaus Trans<\/strong>.<\/p>\n<p>Em setembro de 1999, a Prefeitura de Manaus, por meio da Empresa Municipal de Transportes Urbanos (EMTU), que na \u00e9poca era o \u00f3rg\u00e3o executivo municipal de tr\u00e2nsito, publicou edital de um concurso p\u00fablico.<\/p>\n<p><img loading=\"lazy\" decoding=\"async\" class=\"aligncenter wp-image-2523 size-full\" title=\"Manaus Trans\" src=\"http:\/\/www.encontramanausam.com.br\/sobre\/wp-content\/uploads\/2018\/11\/manaus-trans.jpg\" alt=\"Manaus Trans\" width=\"680\" height=\"189\" srcset=\"https:\/\/www.encontramanausam.com.br\/sobre\/wp-content\/uploads\/2018\/11\/manaus-trans.jpg 680w, https:\/\/www.encontramanausam.com.br\/sobre\/wp-content\/uploads\/2018\/11\/manaus-trans-300x83.jpg 300w\" sizes=\"auto, (max-width: 680px) 100vw, 680px\" \/><\/p>\n<p>Ap\u00f3s alguns meses teve in\u00edcio o curso capacita\u00e7\u00e3o e treinamento com acompanhamento de profissionais de S\u00e3o Paulo, em virtude desta cidade possuir o tr\u00e2nsito municipalizado h\u00e1 mais de 30 anos.<\/p>\n<p>Em mar\u00e7o de 2000, 195 agentes iniciaram atividades de orienta\u00e7\u00f5es e opera\u00e7\u00f5es de tr\u00e2nsito em nossa capital. Fardados com uma indument\u00e1ria confeccionada com um tecido de cor azul, fez com que esses servidores ficassem conhecidos como \u201cazuizinhos\u201d.<\/p>\n<p>Em 20 de Janeiro de 2006, a Prefeitura de Manaus extinguiu a ent\u00e3o EMTU e criou dois Institutos distintos, um com a finalidade de gerenciar o transporte p\u00fablico e outro o tr\u00e2nsito. Nesse ano, por meio da Lei no. 939\/06, o Instituto Municipal de Tr\u00e2nsito, com a sigla IMTRANS, foi criado como autarquia sob regime especial, integrante da estrutura b\u00e1sica do Poder Executivo Municipal vinculado \u00e0 Secretaria Municipal de Desenvolvimento Urbano \u2013 SEMDURB, este \u00e9 dotado de personalidade jur\u00eddica de direito p\u00fablico e autonomia administrativa, patrimonial e financeira.<\/p>\n<p>Por\u00e9m, o IMTRANS passou a ser \u00f3rg\u00e3o integrante do SNT por apenas tr\u00eas anos. Em 2009, o \u00f3rg\u00e3o respons\u00e1vel pelo transporte p\u00fablico, o IMTU (Instituto Municipal de Transportes Urbanos), foi extinto e o IMTRANS passou a acumular as atribui\u00e7\u00f5es do tr\u00e2nsito e do transporte, adotando uma nova nomenclatura, o Instituto Municipal de Tr\u00e2nsito e Transportes, com a sigla IMTTT, criado em 05 de Fevereiro por meio da Lei 1.203\/ 09.<\/p>\n<p>Em 2010, a Prefeitura de Manaus novamente entende que pelo crescimento econ\u00f4mico e social da capital, e do poder aquisitivo da popula\u00e7\u00e3o, consequentemente da frota de ve\u00edculos, h\u00e1 a necessidade de que o \u00f3rg\u00e3o que gerencia o tr\u00e2nsito tenha exclusivamente essa finalidade.<\/p>\n<p>Sendo assim, em 21 de setembro de 2010, por meio da Lei no 1.508, o antigo IMTT \u00e9 desmembrado e fica criado o Instituto Municipal de Engenharia e Fiscaliza\u00e7\u00e3o do Tr\u00e2nsito, com a sigla Manaustrans.<\/p>\n<p>O Manaustrans possui o mesmo regime jur\u00eddico de todos os outros Institutos sendo vinculado, por\u00e9m, ao Chefe do Poder Executivo, o Prefeito, tendo por finalidades \u00e0 elabora\u00e7\u00e3o, a coordena\u00e7\u00e3o, a execu\u00e7\u00e3o e a gest\u00e3o de pol\u00edticas p\u00fablicas direcionadas ao tr\u00e2nsito no \u00e2mbito do Munic\u00edpio de Manaus. Especialmente para o pleno exerc\u00edcio do Poder de Pol\u00edcia Administrativa, e dos setores que lhe s\u00e3o afetos.<\/p>\n<h2>Manaustrans Multas<\/h2>\n<p>Voc\u00ea pode consultar se possui algum <em>d\u00e9bito no seu ve\u00edculo,<\/em> acesse o site.<\/p>\n<h3>Manaus Trans Twitter<\/h3>\n<p>Acesse o <a href=\"https:\/\/twitter.com\/manaustrans\" target=\"_blank\" rel=\"noopener noreferrer\"><strong>Twitter<\/strong><\/a> da Manaus Trans.<\/p>\n<h3>Notifica\u00e7\u00e3o de Autua\u00e7\u00e3o Manaus Trans<\/h3>\n<p>A <span style=\"text-decoration: underline;\">Comiss\u00e3o de An\u00e1lise da Defesa de Autua\u00e7\u00e3o (CDA)<\/span> \u00e9 respons\u00e1vel pela an\u00e1lise dos requerimentos contra a autua\u00e7\u00e3o, interposta pelo propriet\u00e1rio do ve\u00edculo, representante ou procurador legal, baseado nas quest\u00f5es formais do auto de infra\u00e7\u00e3o, de acordo com o artigo 280 do C\u00f3digo de Tr\u00e2nsito Brasileiro (CTB) e Resolu\u00e7\u00f5es vigentes do Conselho Nacional de Tr\u00e2nsito (CONTRAN).<\/p>\n<h3>Hor\u00e1rio de Funcionamento Manaus Trans<\/h3>\n<ul>\n<li>Segunda a sexta das 8h \u00e1s 14h<\/li>\n<\/ul>\n<h3>Onde Fica, Endere\u00e7o e Telefone Manaus Trans<\/h3>\n<ul>\n<li>Av. Urucar\u00e1, 1180 &#8211; Cachoeirinha &#8211; Manaus &#8211; AM<\/li>\n<li>Telefone: 0800 092 1199<\/li>\n<\/ul>\n<h4>Outras informa\u00e7\u00f5es e site<\/h4>\n<ul>\n<li>Mais informa\u00e7\u00f5es: <a href=\"http:\/\/transito.manaus.am.gov.br\/\" target=\"_blank\" rel=\"noopener noreferrer\">www.transito.manaus.am.gov.br<\/a><\/li>\n<\/ul>\n<h4>Mapa de localiza\u00e7\u00e3o<\/h4>\n<a class=\"wp-colorbox-iframe\" href=\"https:\/\/www.google.com\/maps\/embed?pb=!1m18!1m12!1m3!1d3983.8960718495227!2d-60.00496728589363!3d-3.1221812977265246!2m3!1f0!2f0!3f0!3m2!1i1024!2i768!4f13.1!3m3!1m2!1s0x926c05152ad7f8d70x114ca91fda19e16e!2sManaustrans!5e0!3m2!1spt-BR!2sbr!4v1543422267110\"><img decoding=\"async\" src=\"http:\/\/www.encontrabelohorizonte.com.br\/imgs\/maps-post.png\"><\/a>\n\n<div style=\"font-size: 0px; height: 0px; line-height: 0px; margin: 0; padding: 0; clear: both;\"><\/div>","protected":false},"excerpt":{"rendered":"<p>Com o advento da publica\u00e7\u00e3o do Novo C\u00f3digo de Tr\u00e2nsito Brasileiro, no ano de 1997, e a previs\u00e3o de compet\u00eancias legais aos munic\u00edpios, no que diz respeito ao tr\u00e2nsito terrestre, a Prefeitura de Manaus, atrav\u00e9s do Decreto n\u00ba 4.065 de janeiro de 1998, municipalizou o tr\u00e2nsito da capital com o\u00a0Manaus Trans. Em setembro de 1999, a Prefeitura de Manaus, por meio da Empresa Municipal de Transportes Urbanos (EMTU), que na \u00e9poca era o \u00f3rg\u00e3o executivo municipal de tr\u00e2nsito, publicou edital de um concurso p\u00fablico. Ap\u00f3s alguns meses teve in\u00edcio o curso capacita\u00e7\u00e3o e treinamento com acompanhamento de profissionais de S\u00e3o <\/p>\n","protected":false},"author":1,"featured_media":0,"parent":0,"menu_order":0,"comment_status":"closed","ping_status":"closed","template":"","meta":{"footnotes":""},"class_list":["post-2521","page","type-page","status-publish","hentry"],"aioseo_notices":[],"_links":{"self":[{"href":"https:\/\/www.encontramanausam.com.br\/sobre\/wp-json\/wp\/v2\/pages\/2521","targetHints":{"allow":["GET"]}}],"collection":[{"href":"https:\/\/www.encontramanausam.com.br\/sobre\/wp-json\/wp\/v2\/pages"}],"about":[{"href":"https:\/\/www.encontramanausam.com.br\/sobre\/wp-json\/wp\/v2\/types\/page"}],"author":[{"embeddable":true,"href":"https:\/\/www.encontramanausam.com.br\/sobre\/wp-json\/wp\/v2\/users\/1"}],"replies":[{"embeddable":true,"href":"https:\/\/www.encontramanausam.com.br\/sobre\/wp-json\/wp\/v2\/comments?post=2521"}],"version-history":[{"count":4,"href":"https:\/\/www.encontramanausam.com.br\/sobre\/wp-json\/wp\/v2\/pages\/2521\/revisions"}],"predecessor-version":[{"id":2590,"href":"https:\/\/www.encontramanausam.com.br\/sobre\/wp-json\/wp\/v2\/pages\/2521\/revisions\/2590"}],"wp:attachment":[{"href":"https:\/\/www.encontramanausam.com.br\/sobre\/wp-json\/wp\/v2\/media?parent=2521"}],"curies":[{"name":"wp","href":"https:\/\/api.w.org\/{rel}","templated":true}]}}