{"id":2517,"date":"2018-11-28T15:49:26","date_gmt":"2018-11-28T18:49:26","guid":{"rendered":"http:\/\/www.encontramanausam.com.br\/sobre\/?page_id=2517"},"modified":"2018-11-28T18:01:08","modified_gmt":"2018-11-28T21:01:08","slug":"historia-de-manaus","status":"publish","type":"page","link":"https:\/\/www.encontramanausam.com.br\/sobre\/historia-de-manaus\/","title":{"rendered":"Hist\u00f3ria de Manaus"},"content":{"rendered":"<div class=\"882fdd0d88065009358e99f1a9406c55\" data-index=\"1\" style=\"float: none; margin:0px;\">\n<script async src=\"https:\/\/pagead2.googlesyndication.com\/pagead\/js\/adsbygoogle.js?client=ca-pub-8585364105181520\"\r\n     crossorigin=\"anonymous\"><\/script>\r\n<!-- Anuncio display - global -->\r\n<ins class=\"adsbygoogle\"\r\n     style=\"display:block\"\r\n     data-ad-client=\"ca-pub-8585364105181520\"\r\n     data-ad-slot=\"8789329856\"\r\n     data-ad-format=\"auto\"\r\n     data-full-width-responsive=\"true\"><\/ins>\r\n<script>\r\n     (adsbygoogle = window.adsbygoogle || []).push({});\r\n<\/script>\n<\/div>\n<p>A <strong>Hist\u00f3ria de Manaus<\/strong>, um munic\u00edpio brasileiro da Regi\u00e3o Norte do pa\u00eds, sendo capital do estado do Amazonas, tem suas origens voltadas a 1669.<\/p>\n<p>Na \u00e9poca das grandes explora\u00e7\u00f5es de pa\u00edses da Europa, come\u00e7ou a corrida por conquistas de novas terras. Em 1540, Francisco de Orellana, vindo do Peru, pretendia chegar a Espanha.<\/p>\n<p><img loading=\"lazy\" decoding=\"async\" class=\"aligncenter wp-image-2519 size-full\" title=\"Hist\u00f3ria de Manaus\" src=\"http:\/\/www.encontramanausam.com.br\/sobre\/wp-content\/uploads\/2018\/11\/historia-de-manaus.jpg\" alt=\"Hist\u00f3ria de Manaus\" width=\"800\" height=\"488\" srcset=\"https:\/\/www.encontramanausam.com.br\/sobre\/wp-content\/uploads\/2018\/11\/historia-de-manaus.jpg 800w, https:\/\/www.encontramanausam.com.br\/sobre\/wp-content\/uploads\/2018\/11\/historia-de-manaus-300x183.jpg 300w, https:\/\/www.encontramanausam.com.br\/sobre\/wp-content\/uploads\/2018\/11\/historia-de-manaus-768x468.jpg 768w, https:\/\/www.encontramanausam.com.br\/sobre\/wp-content\/uploads\/2018\/11\/historia-de-manaus-223x137.jpg 223w\" sizes=\"auto, (max-width: 800px) 100vw, 800px\" \/><\/p>\n<p>Ele descobriu um grande rio em sua viagem e o batizou de Rio Orellana. Ao ser atacado, na Foz do Rio Nhamund\u00e1, por uma tribo ind\u00edgena de mulheres guerreiras, passou a cham\u00e1-lo de Rio Amazonas, em refer\u00eancia as amazonas gregas, tamb\u00e9m mulheres guerreiras. Antes de Orellana navegar por este rio, ele recebia o nome ind\u00edgena de Amaru Mayu, ou &#8220;A Serpente M\u00e3e do Mundo&#8221;.<\/p>\n<p>Relatos realizados pela expedi\u00e7\u00e3o de Orellana, sobre a riqueza encontrada em \u00e1reas florestais e abund\u00e2ncia de \u00e1gua, despertou interesse de portugueses, espanh\u00f3is, neerlandeses, ingleses e franceses. Por volta de 1600, come\u00e7aram, portanto, as investidas europeias pela regi\u00e3o.<\/p>\n<p>Os portugueses tentaram defender suas conquistas em terras amaz\u00f4nicas e, partindo de Pernambuco, atingiram a regi\u00e3o do Amazonas por volta de 1616, lutando contra os franceses que haviam invadido o litoral do Maranh\u00e3o.<\/p>\n<p>Nesta mesma \u00e9poca, surge Bel\u00e9m, hoje capital do Par\u00e1, tendo como princ\u00edpio o Forte do Pres\u00e9pio, tamb\u00e9m constru\u00eddo pelos portugueses para prote\u00e7\u00e3o do territ\u00f3rio contra invas\u00f5es europeias. Toda a regi\u00e3o Amaz\u00f4nica era comandada a partir de Bel\u00e9m, regi\u00e3o conhecida como Gr\u00e3o-Par\u00e1. Devido a abrang\u00eancia do local, uma \u00e1rea enorme, ficou imposs\u00edvel atender a popula\u00e7\u00e3o da \u00e1rea e manter a paz com os \u00cdndios, somente por meio do Par\u00e1.<\/p>\n<p>Para combater, explorar e garantir o dom\u00ednio portugu\u00eas na regi\u00e3o, foi criado em 1669 o Forte S\u00e3o Jos\u00e9 da Barra, na regi\u00e3o hoje dominada pelo Amazonas. Em torno desse forte, nasceu o arraial que deu origem \u00e0 Manaus. Em 3 de mar\u00e7o de 1755, criou-se ent\u00e3o a Capitania de S\u00e3o Jos\u00e9 do Rio Negro para atender as dificuldades e garantir a domina\u00e7\u00e3o portuguesa.<\/p>\n<h2>Historia de Manaus e Seus Pontos Tur\u00edsticos<\/h2>\n<p>Conhe\u00e7a alguns <em>pontos tur\u00edsticos<\/em> da cidade de Manaus.<\/p>\n<ul>\n<li><span style=\"text-decoration: underline;\">Teatro Amazonas<\/span><br \/>\nO Teatro Amazonas \u00e9 o s\u00edmbolo m\u00e1ximo do per\u00edodo da borracha, o teatro \u00e9 revestido de muita riqueza e foi inaugurado em 1886, para apresenta\u00e7\u00e3o de pe\u00e7as e \u00f3peras europeias que vinham para deliciar os bar\u00f5es da borracha. A constru\u00e7\u00e3o \u00e9 simplesmente encatadora seja por fora, seja por dentro, a fachada \u00e9 neocl\u00e1ssica e pintada de um tom de rosa, j\u00e1 a c\u00fapula \u00e9 feita por 36 mil escamas de cer\u00e2mica nas cores da bandeira brasileira.<\/li>\n<\/ul>\n<ul>\n<li><span style=\"text-decoration: underline;\">Nado com os Botos<\/span><br \/>\nNadar com os botos \u00e9 simplesmente incr\u00edvel. \u00c9 bem semelhante ao nado com os golfinhos, poss\u00edvel em Margarita, Orlando e muitas outras cidades. A grande diferen\u00e7a \u00e9 que o nado com os botos n\u00e3o \u00e9 feito em um cativeiro, a exemplo dos golfinhos, ela \u00e9 feita em seu habitat natural, no meio do rio negro, esse realmente \u00e9 um diferencial.<\/li>\n<\/ul>\n<ul>\n<li><span style=\"text-decoration: underline;\">Encontro das \u00c1guas<\/span><br \/>\nDe um lado um rio negro, de outro um claro, barrento. Eles correm 6 quilometros lado a lado e simplesmente n\u00e3o se misturam. O espet\u00e1culo da natureza, pode ser observado todo os dias, seja de barco, canoa, rabeta ou mesmo em um bom StandUP Paddle. Se voc\u00ea tiver um pouco de sorte ainda pode ser presenteado com o nado dos botos em meio ao encontro das \u00e1guas.<\/li>\n<\/ul>\n<ul>\n<li><span style=\"text-decoration: underline;\">Arquip\u00e9lago Anavilhanas<\/span><br \/>\nO Arquipelago de Anavilhanas \u00e9 um dos maiores arquip\u00e9lagos fluviais do mundo, \u00e9 formado por cerca de 400 ilhotas que fazem o destino ser incr\u00edvel. O acesso \u00e9 atrav\u00e9s de barco, em viagem que dura n\u00e3o mais que tr\u00eas horas. Diversas empresas oferecem pacotes que incluem pacotes, almo\u00e7o e ainda um passeio pelo rio negro e banho de cachoeiras.<\/li>\n<\/ul>\n<ul>\n<li><span style=\"text-decoration: underline;\">Bosque da Ci\u00eancia<\/span><br \/>\nO Bosque da ci\u00eancia \u00e9 uma \u00f3tima pedida para quem quer conhecer mais sobre a fauna e flora da Amaz\u00f4nia. Isso porque diversas esp\u00e9cies que s\u00e3o amea\u00e7as de extin\u00e7\u00e3o s\u00e3o mantidas no bosque para evitar que o pior aconte\u00e7a. O passeio custa apenas 5 reais e \u00e9 fant\u00e1stico. \u00c9 poss\u00edvel ver on\u00e7as pintadas, peixe-bois e muito mais.<\/li>\n<\/ul>\n<h3>Hist\u00f3ria de Manaus Cultura<\/h3>\n<p>A <span style=\"text-decoration: underline;\">cultura<\/span> manauara teve influencia da presen\u00e7a dos ind\u00edgenas, como na culin\u00e1ria, na linguagem e no artesanato. Os europeus influenciaram, precisamente em sua arquitetura, assim como outros povos, oriundos de todas as partes do Brasil, tamb\u00e9m tiveram influencia; como os nordestinos, notadamente na m\u00fasica, com ritmos como o forr\u00f3.<\/p>\n<p>O nome da cidade prov\u00e9m da tribo ind\u00edgena dos mana\u00f3s e significa M\u00e3e dos Deuses. A hist\u00f3ria da cidade come\u00e7a no ano de 1669 em um aldeamento ind\u00edgena em torno da Fortaleza de S\u00e3o Jos\u00e9 da Barra, constru\u00edda para evitar o acesso dos invasores holandeses e garantir o dom\u00ednio da coroa portuguesa na regi\u00e3o.<\/p>\n<h3>Hist\u00f3ria de Manaus Popula\u00e7\u00e3o<\/h3>\n<p>Manaus \u00e9 a cidade mais populosa do Amazonas e de toda a Amaz\u00f4nia com mais de 2,1 milh\u00f5es de habitantes.<\/p>\n<h3>Hist\u00f3ria de Manaus Anivers\u00e1rio<\/h3>\n<p>O <em>anivers\u00e1rio<\/em> de Manaus, capital do estado do Amazonas, \u00e9 celebrado no dia 24 de outubro. Neste dia, no ano de 1848, a vila de Manaos foi elevada a categoria de cidade. Por isso, este foi o dia escolhido para as comemora\u00e7\u00f5es de <em>anivers\u00e1rio<\/em> da capital amaz\u00f4nica.<\/p>\n\n<div style=\"font-size: 0px; height: 0px; line-height: 0px; margin: 0; padding: 0; clear: both;\"><\/div>","protected":false},"excerpt":{"rendered":"<p>A Hist\u00f3ria de Manaus, um munic\u00edpio brasileiro da Regi\u00e3o Norte do pa\u00eds, sendo capital do estado do Amazonas, tem suas origens voltadas a 1669. Na \u00e9poca das grandes explora\u00e7\u00f5es de pa\u00edses da Europa, come\u00e7ou a corrida por conquistas de novas terras. Em 1540, Francisco de Orellana, vindo do Peru, pretendia chegar a Espanha. Ele descobriu um grande rio em sua viagem e o batizou de Rio Orellana. Ao ser atacado, na Foz do Rio Nhamund\u00e1, por uma tribo ind\u00edgena de mulheres guerreiras, passou a cham\u00e1-lo de Rio Amazonas, em refer\u00eancia as amazonas gregas, tamb\u00e9m mulheres guerreiras. Antes de Orellana navegar <\/p>\n","protected":false},"author":1,"featured_media":0,"parent":0,"menu_order":0,"comment_status":"closed","ping_status":"closed","template":"","meta":{"footnotes":""},"class_list":["post-2517","page","type-page","status-publish","hentry"],"aioseo_notices":[],"_links":{"self":[{"href":"https:\/\/www.encontramanausam.com.br\/sobre\/wp-json\/wp\/v2\/pages\/2517","targetHints":{"allow":["GET"]}}],"collection":[{"href":"https:\/\/www.encontramanausam.com.br\/sobre\/wp-json\/wp\/v2\/pages"}],"about":[{"href":"https:\/\/www.encontramanausam.com.br\/sobre\/wp-json\/wp\/v2\/types\/page"}],"author":[{"embeddable":true,"href":"https:\/\/www.encontramanausam.com.br\/sobre\/wp-json\/wp\/v2\/users\/1"}],"replies":[{"embeddable":true,"href":"https:\/\/www.encontramanausam.com.br\/sobre\/wp-json\/wp\/v2\/comments?post=2517"}],"version-history":[{"count":2,"href":"https:\/\/www.encontramanausam.com.br\/sobre\/wp-json\/wp\/v2\/pages\/2517\/revisions"}],"predecessor-version":[{"id":2591,"href":"https:\/\/www.encontramanausam.com.br\/sobre\/wp-json\/wp\/v2\/pages\/2517\/revisions\/2591"}],"wp:attachment":[{"href":"https:\/\/www.encontramanausam.com.br\/sobre\/wp-json\/wp\/v2\/media?parent=2517"}],"curies":[{"name":"wp","href":"https:\/\/api.w.org\/{rel}","templated":true}]}}