{"id":1721,"date":"2018-05-29T14:33:40","date_gmt":"2018-05-29T17:33:40","guid":{"rendered":"http:\/\/www.encontramanausam.com.br\/sobre\/?page_id=1721"},"modified":"2019-04-13T19:39:25","modified_gmt":"2019-04-13T22:39:25","slug":"iel-manaus","status":"publish","type":"page","link":"https:\/\/www.encontramanausam.com.br\/sobre\/iel-manaus\/","title":{"rendered":"Iel Manaus"},"content":{"rendered":"<div class=\"882fdd0d88065009358e99f1a9406c55\" data-index=\"1\" style=\"float: none; margin:0px;\">\n<script async src=\"https:\/\/pagead2.googlesyndication.com\/pagead\/js\/adsbygoogle.js?client=ca-pub-8585364105181520\"\r\n     crossorigin=\"anonymous\"><\/script>\r\n<!-- Anuncio display - global -->\r\n<ins class=\"adsbygoogle\"\r\n     style=\"display:block\"\r\n     data-ad-client=\"ca-pub-8585364105181520\"\r\n     data-ad-slot=\"8789329856\"\r\n     data-ad-format=\"auto\"\r\n     data-full-width-responsive=\"true\"><\/ins>\r\n<script>\r\n     (adsbygoogle = window.adsbygoogle || []).push({});\r\n<\/script>\n<\/div>\n<p>Instituto Euvaldo Lodi faz parte da CNI \u2013 Confedera\u00e7\u00e3o Nacional da Ind\u00fastria, presente nos 26 Estados e no Distrito Federal. Em n\u00edvel estadual, o IEL est\u00e1 vinculado \u00e0 Federa\u00e7\u00e3o do Estado do Amazonas.<\/p>\n<p><strong>Iel Manaus<\/strong> foi criado em 1970 e atua diretamente na intera\u00e7\u00e3o entre empresas e centros de conhecimento, por meio do aperfei\u00e7oamento da gest\u00e3o, capacita\u00e7\u00e3o empresarial, pesquisa e inova\u00e7\u00e3o.<\/p>\n<p><img loading=\"lazy\" decoding=\"async\" class=\"aligncenter wp-image-1723 size-full\" title=\"Iel Manaus\" src=\"http:\/\/www.encontramanausam.com.br\/sobre\/wp-content\/uploads\/2018\/05\/iel-manaus.jpg\" alt=\"Iel Manaus\" width=\"680\" height=\"189\" srcset=\"https:\/\/www.encontramanausam.com.br\/sobre\/wp-content\/uploads\/2018\/05\/iel-manaus.jpg 680w, https:\/\/www.encontramanausam.com.br\/sobre\/wp-content\/uploads\/2018\/05\/iel-manaus-300x83.jpg 300w\" sizes=\"auto, (max-width: 680px) 100vw, 680px\" \/><\/p>\n<p>Capacita\u00e7\u00e3o empresarial, aperfei\u00e7oamento da gest\u00e3o e suporte \u00e0 inova\u00e7\u00e3o de produtos e processos s\u00e3o servi\u00e7os do IEL\/AM que h\u00e1 40 anos contribui para o desenvolvimento do Amazonas.<\/p>\n<p>A qualifica\u00e7\u00e3o profissional promovida pelo IEL\/AM favorece adaptabilidade a situa\u00e7\u00f5es de mudan\u00e7as, flexibilidade no relacionamento e criatividade na solu\u00e7\u00e3o de problemas. Fatores que s\u00e3o essenciais para o crescimento organizacional.<\/p>\n<p>O IEL\/AM insere jovens e adultos no mercado de trabalho com o Programa de Est\u00e1gio Supervisionado, por meio de parcerias entre as empresas, \u00f3rg\u00e3os governamentais, institui\u00e7\u00f5es educacionais e centros de pesquisa, al\u00e9m de estimular a competitividade e desenvolvimento tecnol\u00f3gico entre as micro, pequenas e m\u00e9dias empresas.<\/p>\n<p><strong>Miss\u00e3o<\/strong><br \/>\nPromover o desenvolvimento de compet\u00eancias em gest\u00e3o, a intera\u00e7\u00e3o entre empresas e os centros de conhecimento e a promo\u00e7\u00e3o da inova\u00e7\u00e3o nas empresas.<\/p>\n<p><strong>Vis\u00e3o<\/strong><br \/>\nSer refer\u00eancia no desenvolvimento de compet\u00eancias em gest\u00e3o, na intera\u00e7\u00e3o entre empresas e os centros de conhecimento e na promo\u00e7\u00e3o da inova\u00e7\u00e3o para aumentar a competividade da ind\u00fastria Amazonense.<\/p>\n<h2>Iel Manaus Cursos<\/h2>\n<p>Invista na sua carreira e destaque-se no mercado de trabalho, com os <em>cursos e p\u00f3s-gradua\u00e7\u00e3o<\/em> do IEL.<br \/>\nCursos Empresariais e Executivos<\/p>\n<h3>Iel Manaus Inscri\u00e7\u00e3o<\/h3>\n<p>A Lei n\u00ba 11.788\/08, a chamada <span style=\"text-decoration: underline;\">Lei do Est\u00e1gio,<\/span> mant\u00e9m a<em> caracter\u00edstica do est\u00e1gio<\/em> como atividade sem v\u00ednculo empregat\u00edcio e a necessidade do aux\u00edlio dos agentes de integra\u00e7\u00e3o.<\/p>\n<p>Tamb\u00e9m traz inova\u00e7\u00f5es significativas, tais como:<\/p>\n<ul>\n<li>Previs\u00e3o do <em>est\u00e1gio<\/em>, obrigat\u00f3rio ou n\u00e3o, como parte do projeto pedag\u00f3gico do curso;<\/li>\n<li>Exig\u00eancia de apresenta\u00e7\u00e3o, pelo estagi\u00e1rio, de relat\u00f3rio de atividades do <em>est\u00e1gio<\/em>;<\/li>\n<li>Permiss\u00e3o para que profissionais liberais de n\u00edvel superior ofere\u00e7am <em>est\u00e1gio<\/em>;<\/li>\n<li>Defini\u00e7\u00e3o das obriga\u00e7\u00f5es da institui\u00e7\u00e3o de ensino no acompanhamento do <em>est\u00e1gio<\/em>;<\/li>\n<li>Previs\u00e3o de trinta dias de recesso para o estagi\u00e1rio;<\/li>\n<li>Delimita\u00e7\u00e3o de limite da jornada de est\u00e1gio em seis horas para os estudantes do ensino superior, da educa\u00e7\u00e3o profissional de n\u00edvel m\u00e9dio e do ensino m\u00e9dio regular e de quatro horas para estudantes de educa\u00e7\u00e3o especial e dos anos finais do ensino fundamental, na modalidade profissional de educa\u00e7\u00e3o de jovens e adultos;<\/li>\n<li>Determina\u00e7\u00e3o do n\u00famero m\u00e1ximo de estagi\u00e1rios em rela\u00e7\u00e3o ao quadro de pessoal da empresa concedente, que pode chegar a 20%, caso haja mais de vinte e cinco empregados. Essa disposi\u00e7\u00e3o n\u00e3o se aplica aos est\u00e1gios de n\u00edvel superior e de n\u00edvel m\u00e9dio profissional.<\/li>\n<li>As mudan\u00e7as atingem as rela\u00e7\u00f5es, os processos e as atividades relativas ao est\u00e1gio. A adapta\u00e7\u00e3o \u00e0s novas regras demandar\u00e1 esfor\u00e7o e tempo e o comprometimento de todos.<\/li>\n<\/ul>\n<p>Apesar disso, o IEL tem certeza de que a nova lei trar\u00e1 benef\u00edcios substanciais \u00e0 atividade do <em>est\u00e1gio<\/em>, com o reconhecimento do seu car\u00e1ter educativo, a defesa dos direitos do estudante e a defini\u00e7\u00e3o dos pap\u00e9is de cada parte envolvida. \u00c9 o fim do <em>est\u00e1gio<\/em> sem compromisso com a forma\u00e7\u00e3o profissional e o exerc\u00edcio da cidadania.<\/p>\n<p>Conhe\u00e7a o programa que liga estudantes \u00e0s melhores empresas do mercado, promovendo uma <em>experi\u00eancia de est\u00e1gio diferenciada<\/em>.<\/p>\n<h3>Iel Manaus Menor Aprendiz<\/h3>\n<p>Promove a <em>Inclus\u00e3o Social de Jovens e Adolescentes<\/em>\u00a0atrav\u00e9s do Ingresso em Cursos Profissionalizantes e sua Inser\u00e7\u00e3o no Mercado de Trabalho.<\/p>\n<h3>Iel Manaus Trabalhe Conosco<\/h3>\n<p>Para informa\u00e7\u00f5es sobre<em> vagas dispon\u00edveis<\/em> e como enviar seu<em> curr\u00edculo<\/em>, acesse o site.<\/p>\n<h3>Hor\u00e1rio de Funcionamento Iel Manaus<\/h3>\n<ul>\n<li>Segunda a sexta das 08h \u00e1s 17h30<\/li>\n<\/ul>\n<h3>Onde Fica, Endere\u00e7o e Telefone Iel Manaus<\/h3>\n<ul>\n<li>Av. Joaquim Nabuco, 1919 &#8211; 2\u00ba Andar &#8211; Centro, Manaus &#8211; AM<\/li>\n<li>Telefone: (92) 2125-8800<\/li>\n<\/ul>\n<h4>Outras informa\u00e7\u00f5es e site<\/h4>\n<ul>\n<li>Mais informa\u00e7\u00f5es: <a href=\"https:\/\/iel-am.com\" target=\"_blank\" rel=\"noopener noreferrer\">www.iel-am.com<\/a><\/li>\n<\/ul>\n<h4>Mapa de localiza\u00e7\u00e3o<\/h4>\n<a class=\"wp-colorbox-iframe\" href=\"https:\/\/www.google.com\/maps\/embed?pb=!1m14!1m8!1m3!1d15935.538833337449!2d-60.0198876!3d-3.125176!3m2!1i1024!2i768!4f13.1!3m3!1m2!1s0x00xc168778957a2e2f3!2sIEL+Amazonas!5e0!3m2!1spt-BR!2sbr!4v1527604081966\"><img decoding=\"async\" src=\"http:\/\/www.encontrabelohorizonte.com.br\/imgs\/maps-post.png\"><\/a>\n\n<div style=\"font-size: 0px; height: 0px; line-height: 0px; margin: 0; padding: 0; clear: both;\"><\/div>","protected":false},"excerpt":{"rendered":"<p>Instituto Euvaldo Lodi faz parte da CNI \u2013 Confedera\u00e7\u00e3o Nacional da Ind\u00fastria, presente nos 26 Estados e no Distrito Federal. Em n\u00edvel estadual, o IEL est\u00e1 vinculado \u00e0 Federa\u00e7\u00e3o do Estado do Amazonas. Iel Manaus foi criado em 1970 e atua diretamente na intera\u00e7\u00e3o entre empresas e centros de conhecimento, por meio do aperfei\u00e7oamento da gest\u00e3o, capacita\u00e7\u00e3o empresarial, pesquisa e inova\u00e7\u00e3o. Capacita\u00e7\u00e3o empresarial, aperfei\u00e7oamento da gest\u00e3o e suporte \u00e0 inova\u00e7\u00e3o de produtos e processos s\u00e3o servi\u00e7os do IEL\/AM que h\u00e1 40 anos contribui para o desenvolvimento do Amazonas. A qualifica\u00e7\u00e3o profissional promovida pelo IEL\/AM favorece adaptabilidade a situa\u00e7\u00f5es de mudan\u00e7as, <\/p>\n","protected":false},"author":1,"featured_media":0,"parent":0,"menu_order":0,"comment_status":"closed","ping_status":"closed","template":"","meta":{"footnotes":""},"class_list":["post-1721","page","type-page","status-publish","hentry"],"aioseo_notices":[],"_links":{"self":[{"href":"https:\/\/www.encontramanausam.com.br\/sobre\/wp-json\/wp\/v2\/pages\/1721","targetHints":{"allow":["GET"]}}],"collection":[{"href":"https:\/\/www.encontramanausam.com.br\/sobre\/wp-json\/wp\/v2\/pages"}],"about":[{"href":"https:\/\/www.encontramanausam.com.br\/sobre\/wp-json\/wp\/v2\/types\/page"}],"author":[{"embeddable":true,"href":"https:\/\/www.encontramanausam.com.br\/sobre\/wp-json\/wp\/v2\/users\/1"}],"replies":[{"embeddable":true,"href":"https:\/\/www.encontramanausam.com.br\/sobre\/wp-json\/wp\/v2\/comments?post=1721"}],"version-history":[{"count":4,"href":"https:\/\/www.encontramanausam.com.br\/sobre\/wp-json\/wp\/v2\/pages\/1721\/revisions"}],"predecessor-version":[{"id":4008,"href":"https:\/\/www.encontramanausam.com.br\/sobre\/wp-json\/wp\/v2\/pages\/1721\/revisions\/4008"}],"wp:attachment":[{"href":"https:\/\/www.encontramanausam.com.br\/sobre\/wp-json\/wp\/v2\/media?parent=1721"}],"curies":[{"name":"wp","href":"https:\/\/api.w.org\/{rel}","templated":true}]}}