{"id":1490,"date":"2018-02-15T13:43:38","date_gmt":"2018-02-15T16:43:38","guid":{"rendered":"http:\/\/www.encontramanausam.com.br\/sobre\/?page_id=1490"},"modified":"2019-04-11T11:07:13","modified_gmt":"2019-04-11T14:07:13","slug":"defesa-civil-manaus","status":"publish","type":"page","link":"https:\/\/www.encontramanausam.com.br\/sobre\/defesa-civil-manaus\/","title":{"rendered":"Defesa Civil Manaus"},"content":{"rendered":"<div class=\"882fdd0d88065009358e99f1a9406c55\" data-index=\"1\" style=\"float: none; margin:0px;\">\n<script async src=\"https:\/\/pagead2.googlesyndication.com\/pagead\/js\/adsbygoogle.js?client=ca-pub-8585364105181520\"\r\n     crossorigin=\"anonymous\"><\/script>\r\n<!-- Anuncio display - global -->\r\n<ins class=\"adsbygoogle\"\r\n     style=\"display:block\"\r\n     data-ad-client=\"ca-pub-8585364105181520\"\r\n     data-ad-slot=\"8789329856\"\r\n     data-ad-format=\"auto\"\r\n     data-full-width-responsive=\"true\"><\/ins>\r\n<script>\r\n     (adsbygoogle = window.adsbygoogle || []).push({});\r\n<\/script>\n<\/div>\n<p>Em 1971, os Decretos n\u00ba 2.115 e 2.116, do Governador Cel Eng. Jo\u00e3o Walter de Andrade criaram o Plano de Emerg\u00eancia e a Comiss\u00e3o de <strong>Defesa Civil do Estado do Amazonas,<\/strong> para atender as popula\u00e7\u00f5es ribeirinhas v\u00edtimas de desastres.<\/p>\n<p>Com o objetivo de proporcionar um atendimento mais eficaz a popula\u00e7\u00e3o vitimada por eventos clim\u00e1ticos extremos, foi criado pelo Governo do Estado do Amazonas, o Subcomando de A\u00e7\u00f5es de Defesa Civil-Subcomadec, com status de Secretaria de Estado.<\/p>\n<p><img loading=\"lazy\" decoding=\"async\" class=\"aligncenter wp-image-1491 size-full\" title=\"Defesa Civil Manaus\" src=\"http:\/\/www.encontramanausam.com.br\/sobre\/wp-content\/uploads\/2018\/02\/defesa-civil-manaus.jpg\" alt=\"Defesa Civil Manaus\" width=\"680\" height=\"189\" srcset=\"https:\/\/www.encontramanausam.com.br\/sobre\/wp-content\/uploads\/2018\/02\/defesa-civil-manaus.jpg 680w, https:\/\/www.encontramanausam.com.br\/sobre\/wp-content\/uploads\/2018\/02\/defesa-civil-manaus-300x83.jpg 300w\" sizes=\"auto, (max-width: 680px) 100vw, 680px\" \/><\/p>\n<p>Na mesma data em 23 de dezembro de 2008, criou-se o Sistema Estadual de Defesa Civil-SIEDC, pela Lei 3.331. Dentro da estrutura deste Sistema o Subcomadec ocupa a fun\u00e7\u00e3o de \u00f3rg\u00e3o central. Compete ao Subcomadec articular, coordenar e gerenciar as a\u00e7\u00f5es de Defesa Civil no Estado do Amazonas e implementar programas de preven\u00e7\u00e3o, prepara\u00e7\u00e3o , resposta e reconstru\u00e7\u00e3o das \u00e1reas atingidas por desastres naturais ou provocados pelo homem. O \u00f3rg\u00e3o tamb\u00e9m tem a miss\u00e3o de promover a mudan\u00e7a cultural da sociedade, com rela\u00e7\u00e3o \u00e0 percep\u00e7\u00e3o de risco.<\/p>\n<h2>Defesa Civil do Munic\u00edpio de Manaus<\/h2>\n<p>Em Manaus, a <em>Defesa Civil<\/em> surgiu atrav\u00e9s de um grupo de profissionais pertencentes a v\u00e1rias secretarias municipais, quando da maior enchente ocorrida na cidade no ano de 1976, com o n\u00edvel das \u00e1guas em 29,61, tendo \u00e0 frente da administra\u00e7\u00e3o da prefeitura o Cel. Jorge Teixeira de Oliveira, que juntamente com o Major Novaes, do Ex\u00e9rcito Brasileiro, ante a situa\u00e7\u00e3o calamitosa que a cheia ocasionava \u00e0 popula\u00e7\u00e3o que ocupava as margens dos igarap\u00e9s, organizaram um Grupo de Trabalho formado por assistentes sociais do Gabinete Civil, da SEMOSB, servidores da SEMEF, soldados do Ex\u00e9rcito e outros, tendo como coordenador o ent\u00e3o Major Novaes.<\/p>\n<p>No dia 13 de Mar\u00e7o de 2001, a <em>Defesa Civil<\/em> passou a ser Secretaria Municipal de <em>Defesa Civil<\/em> conforme Lei Municipal N\u00ba 590 de 13.03.2001, vinculada diretamente a esta secretaria nas atividades de assessoramento, pesquisa, planejamento, divulga\u00e7\u00e3o, elabora\u00e7\u00e3o de normas e legisla\u00e7\u00e3o que assegurem o disciplinamento das medidas e a\u00e7\u00f5es desta secretaria.<\/p>\n<p>No dia 05 de junho de 2009, conforme Decreto n\u00ba. 0138 cria o Gabinete Militar, extinguindo as secretarias municipais de Seguran\u00e7a Institucional e a Defesa Civil.<\/p>\n<p>A<em> Defesa Civil<\/em> permaneceu como subsecretaria at\u00e9 2013. A atual gest\u00e3o instituiu a Secretaria Executiva de Prote\u00e7\u00e3o e Defesa Civil, que permanece dentro da Casa Militar.<\/p>\n<h3>Defesa Civil Prefeitura de Manaus<\/h3>\n<p>Como parte da primeira etapa do planejamento das a\u00e7\u00f5es da Opera\u00e7\u00e3o Cheia da <span style=\"text-decoration: underline;\">Prefeitura de Manaus,<\/span> a Secretaria Executiva de Prote\u00e7\u00e3o e Defesa Civil de Manaus realizou o primeiro levantamento de vistorias nas comunidades rurais localizadas no rio Amazonas, na zona rural de Manaus.<\/p>\n<p>A a\u00e7\u00e3o tem como objetivo antecipar as atividades de preven\u00e7\u00e3o e monitoramento nas \u00e1reas pass\u00edveis de alaga\u00e7\u00e3o, por conta do fen\u00f4meno da cheia, para minimizar os impactos causados na capital amazonense e na zona rural de Manaus.<\/p>\n<h3>Hor\u00e1rio de Funcionamento Defesa Civil Manaus<\/h3>\n<ul>\n<li>Segunda a sexta das 8h \u00e0s 17h<\/li>\n<\/ul>\n<h3>Onde Fica,\u00a0Endere\u00e7o e Telefone Defesa Civil Manaus<\/h3>\n<ul>\n<li>Av. Urucar\u00e1, 183 &#8211; Cachoeirinha &#8211; Manaus &#8211; AM<\/li>\n<li>Telefone: (92) 99300-0000<\/li>\n<\/ul>\n<h4>Outras informa\u00e7\u00f5es e site<\/h4>\n<ul>\n<li>Mais informa\u00e7\u00f5es:\u00a0<a href=\"http:\/\/www.defesacivil.am.gov.br\" target=\"_blank\" rel=\"noopener noreferrer\">www.defesacivil.am.gov.br<\/a><\/li>\n<\/ul>\n<h4>Mapa de localiza\u00e7\u00e3o<\/h4>\n<a class=\"wp-colorbox-iframe\" href=\"https:\/\/www.google.com\/maps\/embed?pb=!1m14!1m8!1m3!1d15935.44926133857!2d-60.0036456!3d-3.131069!3m2!1i1024!2i768!4f13.1!3m3!1m2!1s0x00xe78d9084af3bd35e!2sDefesa+Civil+do+Estado+do+Amazonas!5e0!3m2!1spt-BR!2sbr!4v1518712941406\"><img decoding=\"async\" src=\"http:\/\/www.encontrabelohorizonte.com.br\/imgs\/maps-post.png\"><\/a>\n\n<div style=\"font-size: 0px; height: 0px; line-height: 0px; margin: 0; padding: 0; clear: both;\"><\/div>","protected":false},"excerpt":{"rendered":"<p>Em 1971, os Decretos n\u00ba 2.115 e 2.116, do Governador Cel Eng. Jo\u00e3o Walter de Andrade criaram o Plano de Emerg\u00eancia e a Comiss\u00e3o de Defesa Civil do Estado do Amazonas, para atender as popula\u00e7\u00f5es ribeirinhas v\u00edtimas de desastres. Com o objetivo de proporcionar um atendimento mais eficaz a popula\u00e7\u00e3o vitimada por eventos clim\u00e1ticos extremos, foi criado pelo Governo do Estado do Amazonas, o Subcomando de A\u00e7\u00f5es de Defesa Civil-Subcomadec, com status de Secretaria de Estado. Na mesma data em 23 de dezembro de 2008, criou-se o Sistema Estadual de Defesa Civil-SIEDC, pela Lei 3.331. Dentro da estrutura deste Sistema <\/p>\n","protected":false},"author":1,"featured_media":0,"parent":0,"menu_order":0,"comment_status":"closed","ping_status":"closed","template":"","meta":{"footnotes":""},"class_list":["post-1490","page","type-page","status-publish","hentry"],"aioseo_notices":[],"_links":{"self":[{"href":"https:\/\/www.encontramanausam.com.br\/sobre\/wp-json\/wp\/v2\/pages\/1490","targetHints":{"allow":["GET"]}}],"collection":[{"href":"https:\/\/www.encontramanausam.com.br\/sobre\/wp-json\/wp\/v2\/pages"}],"about":[{"href":"https:\/\/www.encontramanausam.com.br\/sobre\/wp-json\/wp\/v2\/types\/page"}],"author":[{"embeddable":true,"href":"https:\/\/www.encontramanausam.com.br\/sobre\/wp-json\/wp\/v2\/users\/1"}],"replies":[{"embeddable":true,"href":"https:\/\/www.encontramanausam.com.br\/sobre\/wp-json\/wp\/v2\/comments?post=1490"}],"version-history":[{"count":6,"href":"https:\/\/www.encontramanausam.com.br\/sobre\/wp-json\/wp\/v2\/pages\/1490\/revisions"}],"predecessor-version":[{"id":3903,"href":"https:\/\/www.encontramanausam.com.br\/sobre\/wp-json\/wp\/v2\/pages\/1490\/revisions\/3903"}],"wp:attachment":[{"href":"https:\/\/www.encontramanausam.com.br\/sobre\/wp-json\/wp\/v2\/media?parent=1490"}],"curies":[{"name":"wp","href":"https:\/\/api.w.org\/{rel}","templated":true}]}}